{"id":549,"date":"2018-09-17T14:11:35","date_gmt":"2018-09-17T12:11:35","guid":{"rendered":"http:\/\/amschloss.juwelieronline.de\/fashion\/?page_id=549"},"modified":"2022-08-02T09:12:57","modified_gmt":"2022-08-02T07:12:57","slug":"thomas-sabo","status":"publish","type":"page","link":"https:\/\/juwelieramschloss.de\/fashion\/uhren\/thomas-sabo\/","title":{"rendered":"Thomas Sabo"},"content":{"rendered":"\t\t<div data-elementor-type=\"wp-post\" data-elementor-id=\"549\" class=\"elementor elementor-549\">\n\t\t\t\t\t\t<div class=\"elementor-inner\">\n\t\t\t\t<div class=\"elementor-section-wrap\">\n\t\t\t\t\t\t\t\t\t<section class=\"has_ae_slider elementor-section elementor-top-section elementor-element elementor-element-7914e9c8 elementor-section-boxed elementor-section-height-default elementor-section-height-default ae-bg-gallery-type-default\" data-id=\"7914e9c8\" data-element_type=\"section\">\n\t\t\t\t\t\t<div class=\"elementor-container elementor-column-gap-no\">\n\t\t\t\t\t\t\t<div class=\"elementor-row\">\n\t\t\t\t\t<div class=\"has_ae_slider elementor-column elementor-col-100 elementor-top-column elementor-element elementor-element-689ac975 ae-bg-gallery-type-default\" data-id=\"689ac975\" data-element_type=\"column\">\n\t\t\t<div class=\"elementor-column-wrap elementor-element-populated\">\n\t\t\t\t\t\t\t<div class=\"elementor-widget-wrap\">\n\t\t\t\t\t\t\t\t<\/div>\n\t\t\t\t\t<\/div>\n\t\t<\/div>\n\t\t\t\t\t\t\t\t<\/div>\n\t\t\t\t\t<\/div>\n\t\t<\/section>\n\t\t\t\t<section class=\"has_ae_slider elementor-section elementor-top-section elementor-element elementor-element-2dec6bf elementor-section-content-middle elementor-section-boxed elementor-section-height-default elementor-section-height-default ae-bg-gallery-type-default\" data-id=\"2dec6bf\" data-element_type=\"section\">\n\t\t\t\t\t\t<div class=\"elementor-container elementor-column-gap-default\">\n\t\t\t\t\t\t\t<div class=\"elementor-row\">\n\t\t\t\t\t<div class=\"has_ae_slider elementor-column elementor-col-100 elementor-top-column elementor-element elementor-element-4d2d6483 ae-bg-gallery-type-default\" data-id=\"4d2d6483\" data-element_type=\"column\" data-settings=\"{&quot;background_background&quot;:&quot;classic&quot;}\">\n\t\t\t<div class=\"elementor-column-wrap elementor-element-populated\">\n\t\t\t\t\t\t\t<div class=\"elementor-widget-wrap\">\n\t\t\t\t\t\t<div class=\"elementor-element elementor-element-5c840704 elementor-widget elementor-widget-heading\" data-id=\"5c840704\" data-element_type=\"widget\" data-widget_type=\"heading.default\">\n\t\t\t\t<div class=\"elementor-widget-container\">\n\t\t\t<h1 class=\"elementor-heading-title elementor-size-default\">Thomas Sabo Uhren<\/h1>\t\t<\/div>\n\t\t\t\t<\/div>\n\t\t\t\t<div class=\"elementor-element elementor-element-23f9f8dd elementor-widget elementor-widget-heading\" data-id=\"23f9f8dd\" data-element_type=\"widget\" data-widget_type=\"heading.default\">\n\t\t\t\t<div class=\"elementor-widget-container\">\n\t\t\t<h2 class=\"elementor-heading-title elementor-size-default\">beim Goldschmiede Juwelier in Schwetzingen<\/h2>\t\t<\/div>\n\t\t\t\t<\/div>\n\t\t\t\t<div class=\"elementor-element elementor-element-5cdead8a elementor-widget-divider--view-line elementor-widget elementor-widget-divider\" data-id=\"5cdead8a\" data-element_type=\"widget\" data-widget_type=\"divider.default\">\n\t\t\t\t<div class=\"elementor-widget-container\">\n\t\t\t\t\t<div class=\"elementor-divider\">\n\t\t\t<span class=\"elementor-divider-separator\">\n\t\t\t\t\t\t<\/span>\n\t\t<\/div>\n\t\t\t\t<\/div>\n\t\t\t\t<\/div>\n\t\t\t\t<div class=\"elementor-element elementor-element-7f4b3ea4 elementor-widget elementor-widget-text-editor\" data-id=\"7f4b3ea4\" data-element_type=\"widget\" data-widget_type=\"text-editor.default\">\n\t\t\t\t<div class=\"elementor-widget-container\">\n\t\t\t\t\t\t\t\t<div class=\"elementor-text-editor elementor-clearfix\">\n\t\t\t\t<p>Thomas Sabo steht f\u00fcr hochwertige Uhren mit verschiedenen Styles. Die Damenkollektion Glam &amp; Soul und die Rebel at Heart Herrenkollektion passen zu jedem Anlass: Egal ob zur Cocktail-Party, zum Dinner oder zum klassischen Businesslook, zum unkonventionellen l\u00e4ssigen Streetstyle oder als einfacher Alltagsbegleiter. Hochwertige Materialien und h\u00f6chste Anspr\u00fcche in der Verarbeitung machen die Modelle von Thomas Sabo zu zuverl\u00e4ssigen Zeitmessern am Handgelenk.<\/p>\t\t\t\t\t<\/div>\n\t\t\t\t\t\t<\/div>\n\t\t\t\t<\/div>\n\t\t\t\t\t\t<\/div>\n\t\t\t\t\t<\/div>\n\t\t<\/div>\n\t\t\t\t\t\t\t\t<\/div>\n\t\t\t\t\t<\/div>\n\t\t<\/section>\n\t\t\t\t<section class=\"has_ae_slider elementor-section elementor-top-section elementor-element elementor-element-723f901a elementor-section-boxed elementor-section-height-default elementor-section-height-default ae-bg-gallery-type-default\" data-id=\"723f901a\" data-element_type=\"section\">\n\t\t\t\t\t\t<div class=\"elementor-container elementor-column-gap-default\">\n\t\t\t\t\t\t\t<div class=\"elementor-row\">\n\t\t\t\t\t<div class=\"has_ae_slider elementor-column elementor-col-100 elementor-top-column elementor-element elementor-element-667089f1 ae-bg-gallery-type-default\" data-id=\"667089f1\" data-element_type=\"column\">\n\t\t\t<div class=\"elementor-column-wrap elementor-element-populated\">\n\t\t\t\t\t\t\t<div class=\"elementor-widget-wrap\">\n\t\t\t\t\t\t<div class=\"elementor-element elementor-element-e63b582 elementor-widget elementor-widget-shortcode\" data-id=\"e63b582\" data-element_type=\"widget\" data-widget_type=\"shortcode.default\">\n\t\t\t\t<div class=\"elementor-widget-container\">\n\t\t\t\t\t<div class=\"elementor-shortcode\"><div id=\"produktfilter_starten\">Filter<\/div><div class=\"filter-wrapper\"><div class=\"filter\"><form autocomplete=\"off\" name=\"wpv-filter-2047-TCPID549\" action=\"\/fashion\/wp-json\/wp\/v2\/pages\/549?wpv_view_count=2047-TCPID549\" method=\"get\" class=\"wpv-filter-form js-wpv-filter-form js-wpv-filter-form-2047-TCPID549 js-wpv-form-full js-wpv-dps-enabled js-wpv-ajax-results-enabled\" data-viewnumber=\"2047-TCPID549\" data-viewid=\"2047\" data-viewhash=\"eyJuYW1lIjoidWhyZW5maWx0ZXIifQ==\" data-viewwidgetid=\"0\" data-orderby=\"\" data-order=\"\" data-orderbyas=\"\" data-orderbysecond=\"\" data-ordersecond=\"\" data-parametric=\"{&quot;query&quot;:&quot;normal&quot;,&quot;id&quot;:&quot;2047&quot;,&quot;view_id&quot;:&quot;2047&quot;,&quot;widget_id&quot;:0,&quot;view_hash&quot;:&quot;2047-TCPID549&quot;,&quot;action&quot;:&quot;\\\/fashion\\\/wp-json\\\/wp\\\/v2\\\/pages\\\/549?wpv_view_count=2047-TCPID549&quot;,&quot;sort&quot;:{&quot;orderby&quot;:&quot;&quot;,&quot;order&quot;:&quot;&quot;,&quot;orderby_as&quot;:&quot;&quot;,&quot;orderby_second&quot;:&quot;&quot;,&quot;order_second&quot;:&quot;&quot;},&quot;orderby&quot;:&quot;&quot;,&quot;order&quot;:&quot;&quot;,&quot;orderby_as&quot;:&quot;&quot;,&quot;orderby_second&quot;:&quot;&quot;,&quot;order_second&quot;:&quot;&quot;,&quot;ajax_form&quot;:&quot;&quot;,&quot;ajax_results&quot;:&quot;&quot;,&quot;effect&quot;:&quot;fade&quot;,&quot;prebefore&quot;:&quot;&quot;,&quot;before&quot;:&quot;&quot;,&quot;after&quot;:&quot;&quot;,&quot;attributes&quot;:[],&quot;environment&quot;:{&quot;current_post_id&quot;:549,&quot;parent_post_id&quot;:549,&quot;parent_term_id&quot;:0,&quot;parent_user_id&quot;:0,&quot;archive&quot;:{&quot;type&quot;:&quot;&quot;,&quot;name&quot;:&quot;&quot;,&quot;data&quot;:[]}},&quot;loop&quot;:{&quot;type&quot;:&quot;&quot;,&quot;name&quot;:&quot;&quot;,&quot;data&quot;:[],&quot;id&quot;:0}}\" data-attributes=\"[]\" data-environment=\"{&quot;current_post_id&quot;:549,&quot;parent_post_id&quot;:549,&quot;parent_term_id&quot;:0,&quot;parent_user_id&quot;:0,&quot;archive&quot;:{&quot;type&quot;:&quot;&quot;,&quot;name&quot;:&quot;&quot;,&quot;data&quot;:[]}}\"><input type=\"hidden\" class=\"js-wpv-dps-filter-data js-wpv-filter-data-for-this-form\" data-action=\"\/fashion\/wp-json\/wp\/v2\/pages\/549?wpv_view_count=2047-TCPID549\" data-page=\"1\" data-ajax=\"enable\" data-effect=\"fade\" data-maxpages=\"4\" data-ajaxprebefore=\"\" data-ajaxbefore=\"\" data-ajaxafter=\"\" \/><input class=\"wpv_view_count wpv_view_count-2047-TCPID549\" type=\"hidden\" name=\"wpv_view_count\" value=\"2047-TCPID549\" \/>\n\n\n\n\n<div id=\"produktfilter\">\n  \n<div class=\"filtergebnisse_anzeigen\">Filterergebnisse anzeigen <span class=\"gefundene_zahl\">(39)<\/span><\/div>\n\n\n\n<input type=\"button\" class=\"resetfilter form-group wpv-reset-trigger js-wpv-reset-trigger btn\" name=\"wpv_filter_reset\" value=\"Filter zur\u00fccksetzen\" \/>\n\n\n<div class=\"form-group\">\n\t<div class=\"key\"><label>Marke<\/label><span class=\"icon\"><i class=\"fa fa-angle-down geschlossen\" aria-hidden=\"true\"><\/i><i class=\"fa fa-angle-up offen\" aria-hidden=\"true\"><\/i><\/span><\/div>\n  \t<div class=\"werte\" data=\"uhrenmarke\">\n\t\t<div class=\"checkbox\"><label for=\"pa_uhrenmarke-thomas-sabo\"><input type=\"checkbox\" id=\"pa_uhrenmarke-thomas-sabo\" class=\"js-wpv-filter-trigger\" name=\"wpv-pa_uhrenmarke[]\" value=\"thomas-sabo\" \/>Thomas Sabo (39)<\/label><\/div>\n    <\/div>\n<\/div>\n\n<div class=\"form-group\">\n\t<div class=\"key\"><label>Geschlecht<\/label><span class=\"icon\"><i class=\"fa fa-angle-down geschlossen\" aria-hidden=\"true\"><\/i><i class=\"fa fa-angle-up offen\" aria-hidden=\"true\"><\/i><\/span><\/div>\n  \t<div class=\"werte\" data=\"geschlecht\">\n\t\t<div class=\"checkbox\"><label for=\"pa_geschlecht-damenuhr\"><input type=\"checkbox\" id=\"pa_geschlecht-damenuhr\" class=\"js-wpv-filter-trigger\" name=\"wpv-pa_geschlecht[]\" value=\"damenuhr\" \/>Damenuhr (32)<\/label><\/div><div class=\"checkbox\"><label for=\"pa_geschlecht-herrenuhr\"><input type=\"checkbox\" id=\"pa_geschlecht-herrenuhr\" class=\"js-wpv-filter-trigger\" name=\"wpv-pa_geschlecht[]\" value=\"herrenuhr\" \/>Herrenuhr (5)<\/label><\/div><div class=\"checkbox\"><label for=\"pa_geschlecht-unisex\"><input type=\"checkbox\" id=\"pa_geschlecht-unisex\" class=\"js-wpv-filter-trigger\" name=\"wpv-pa_geschlecht[]\" value=\"unisex\" \/>Unisex (2)<\/label><\/div>\n\t<\/div>\n<\/div>\n\n<div class=\"form-group\">\n\t<div class=\"key\"><label>Uhrwerk<\/label><span class=\"icon\"><i class=\"fa fa-angle-down geschlossen\" aria-hidden=\"true\"><\/i><i class=\"fa fa-angle-up offen\" aria-hidden=\"true\"><\/i><\/span><\/div>\n  \t<div class=\"werte uhrwerkfilter\" data=\"uhrwerkfilter\">\n\t\t<div class=\"checkbox\"><label for=\"pa_uhrwerkfilter-automatik\"><input type=\"checkbox\" id=\"pa_uhrwerkfilter-automatik\" class=\"js-wpv-filter-trigger\" name=\"wpv-pa_uhrwerkfilter[]\" value=\"automatik\" \/>Automatik (1)<\/label><\/div><div class=\"checkbox\"><label for=\"pa_uhrwerkfilter-quarz\"><input type=\"checkbox\" id=\"pa_uhrwerkfilter-quarz\" class=\"js-wpv-filter-trigger\" name=\"wpv-pa_uhrwerkfilter[]\" value=\"quarz\" \/>Quarz (38)<\/label><\/div>\n  \t<\/div>\n<\/div>\n\n<div class=\"form-group\">\n\t<div class=\"key\"><label>Geh\u00e4use<\/label><span class=\"icon\"><i class=\"fa fa-angle-down geschlossen\" aria-hidden=\"true\"><\/i><i class=\"fa fa-angle-up offen\" aria-hidden=\"true\"><\/i><\/span><\/div>\n  \t<div class=\"werte\" data=\"gehaeuse\">\n\t\t<div class=\"checkbox\"><label for=\"pa_gehaeusematerialfilter-edelstahl\"><input type=\"checkbox\" id=\"pa_gehaeusematerialfilter-edelstahl\" class=\"js-wpv-filter-trigger\" name=\"wpv-pa_gehaeusematerialfilter[]\" value=\"edelstahl\" \/>Edelstahl (39)<\/label><\/div>\n  \t<\/div>\n<\/div>\n\n<div class=\"form-group\">\n\t<div class=\"key\"><label>Durchmesser (mm)<\/label><span class=\"icon\"><i class=\"fa fa-angle-down geschlossen\" aria-hidden=\"true\"><\/i><i class=\"fa fa-angle-up offen\" aria-hidden=\"true\"><\/i><\/span><\/div>\n  \t<div class=\"werte\" data=\"gehaeusedurchmesserfilter\">\n\t\t<div class=\"checkbox\"><label for=\"pa_gehaeusedurchmesserfilter-31-33\"><input type=\"checkbox\" id=\"pa_gehaeusedurchmesserfilter-31-33\" class=\"js-wpv-filter-trigger\" name=\"wpv-pa_gehaeusedurchmesserfilter[]\" value=\"31-33\" \/>31-33 (26)<\/label><\/div><div class=\"checkbox\"><label for=\"pa_gehaeusedurchmesserfilter-34-39\"><input type=\"checkbox\" id=\"pa_gehaeusedurchmesserfilter-34-39\" class=\"js-wpv-filter-trigger\" name=\"wpv-pa_gehaeusedurchmesserfilter[]\" value=\"34-39\" \/>34-39 (6)<\/label><\/div><div class=\"checkbox\"><label for=\"pa_gehaeusedurchmesserfilter-40-45\"><input type=\"checkbox\" id=\"pa_gehaeusedurchmesserfilter-40-45\" class=\"js-wpv-filter-trigger\" name=\"wpv-pa_gehaeusedurchmesserfilter[]\" value=\"40-45\" \/>40-45 (7)<\/label><\/div>\n  \t<\/div>\n<\/div>\n\n<div class=\"form-group\">\n\t<div class=\"key\"><label>Bandmaterial<\/label><span class=\"icon\"><i class=\"fa fa-angle-down geschlossen\" aria-hidden=\"true\"><\/i><i class=\"fa fa-angle-up offen\" aria-hidden=\"true\"><\/i><\/span><\/div>\n  \t<div class=\"werte\" data=\"bandmaterial\">\n\t\t<div class=\"checkbox\"><label for=\"pa_bandmaterialfilter-edelstahl\"><input type=\"checkbox\" id=\"pa_bandmaterialfilter-edelstahl\" class=\"js-wpv-filter-trigger\" name=\"wpv-pa_bandmaterialfilter[]\" value=\"edelstahl\" \/>Edelstahl (39)<\/label><\/div>\n  \t<\/div>\n<\/div>\n\n<div class=\"form-group\">\n\t<div class=\"key\"><label>Wasserdichtheit (ATM)<\/label><span class=\"icon\"><i class=\"fa fa-angle-down geschlossen\" aria-hidden=\"true\"><\/i><i class=\"fa fa-angle-up offen\" aria-hidden=\"true\"><\/i><\/span><\/div>\n  \t<div class=\"werte\" data=\"wasserdichtheit\">\n\t\t<div class=\"checkbox\"><label for=\"pa_wasserdichtheitfilter-10\"><input type=\"checkbox\" id=\"pa_wasserdichtheitfilter-10\" class=\"js-wpv-filter-trigger\" name=\"wpv-pa_wasserdichtheitfilter[]\" value=\"10\" \/>10 (8)<\/label><\/div><div class=\"checkbox\"><label for=\"pa_wasserdichtheitfilter-3\"><input type=\"checkbox\" id=\"pa_wasserdichtheitfilter-3\" class=\"js-wpv-filter-trigger\" name=\"wpv-pa_wasserdichtheitfilter[]\" value=\"3\" \/>3 (1)<\/label><\/div><div class=\"checkbox\"><label for=\"pa_wasserdichtheitfilter-5\"><input type=\"checkbox\" id=\"pa_wasserdichtheitfilter-5\" class=\"js-wpv-filter-trigger\" name=\"wpv-pa_wasserdichtheitfilter[]\" value=\"5\" \/>5 (30)<\/label><\/div>\n  \t<\/div>\n<\/div>\n\n\n<div class=\"form-group\">\n\t<div class=\"key\"><label>Funktionen<\/label><span class=\"icon\"><i class=\"fa fa-angle-down geschlossen\" aria-hidden=\"true\"><\/i><i class=\"fa fa-angle-up offen\" aria-hidden=\"true\"><\/i><\/span><\/div>\n  \t<div class=\"werte funktionen\" data=\"funktionen\">\n\t\t<div class=\"checkbox\"><label for=\"pa_uhrenfunktionen-chronograph\"><input type=\"checkbox\" id=\"pa_uhrenfunktionen-chronograph\" class=\"js-wpv-filter-trigger\" name=\"wpv-pa_uhrenfunktionen[]\" value=\"chronograph\" \/>Chronograph  (5)<\/label><\/div><div class=\"checkbox\"><label for=\"pa_uhrenfunktionen-datum\"><input type=\"checkbox\" id=\"pa_uhrenfunktionen-datum\" class=\"js-wpv-filter-trigger\" name=\"wpv-pa_uhrenfunktionen[]\" value=\"datum\" \/>Datum  (16)<\/label><\/div><div class=\"checkbox\"><label for=\"pa_uhrenfunktionen-dreizeiger\"><input type=\"checkbox\" id=\"pa_uhrenfunktionen-dreizeiger\" class=\"js-wpv-filter-trigger\" name=\"wpv-pa_uhrenfunktionen[]\" value=\"dreizeiger\" \/>Dreizeiger  (29)<\/label><\/div><div class=\"checkbox\"><label for=\"pa_uhrenfunktionen-kleine-sekunde\"><input type=\"checkbox\" id=\"pa_uhrenfunktionen-kleine-sekunde\" class=\"js-wpv-filter-trigger\" name=\"wpv-pa_uhrenfunktionen[]\" value=\"kleine-sekunde\" \/>Kleine Sekunde  (9)<\/label><\/div>\n  \t<\/div>\n<\/div>\n<div class=\"form-group\">\n\t<div class=\"key\"><label>Besonderheiten<\/label><span class=\"icon\"><i class=\"fa fa-angle-down geschlossen\" aria-hidden=\"true\"><\/i><i class=\"fa fa-angle-up offen\" aria-hidden=\"true\"><\/i><\/span><\/div>\n  \t<div class=\"werte funktionen\" data=\"funktionen\">\n\t\t\n  \t<\/div>\n<\/div>\n<\/div>\n<span style=\"display:none\" class=\"js-wpv-dps-spinner spinner\"><img decoding=\"async\" src=\"\/goldschmiede\/wp-content\/uploads\/sites\/4\/2018\/08\/cropped-Am-Schloss-Logo.png\" \/><\/span>\n  \n\n\n\n<\/form>\n<\/div><div class=\"filterergebnisse\"><div id=\"produktlistung\">\n<div id=\"wpv-view-layout-2047-TCPID549\" class=\"js-wpv-view-layout js-wpv-layout-responsive js-wpv-view-layout-2047-TCPID549 wpv-pagination js-wpv-layout-has-pagination wpv-pagination-preload-images js-wpv-layout-preload-images wpv-pagination-preload-pages js-wpv-layout-preload-pages\" style=\"visibility:hidden;\" data-viewnumber=\"2047-TCPID549\" data-pagination=\"{&quot;id&quot;:&quot;2047&quot;,&quot;query&quot;:&quot;normal&quot;,&quot;type&quot;:&quot;ajaxed&quot;,&quot;effect&quot;:&quot;fade&quot;,&quot;duration&quot;:&quot;500&quot;,&quot;speed&quot;:&quot;5&quot;,&quot;pause_on_hover&quot;:&quot;disabled&quot;,&quot;stop_rollover&quot;:&quot;false&quot;,&quot;cache_pages&quot;:&quot;enabled&quot;,&quot;preload_images&quot;:&quot;enabled&quot;,&quot;preload_pages&quot;:&quot;enabled&quot;,&quot;preload_reach&quot;:&quot;1&quot;,&quot;spinner&quot;:&quot;uploaded&quot;,&quot;spinner_image&quot;:&quot;\/wp-content\/themes\/generatepress_child\/assets\/img\/ladeicon.png&quot;,&quot;callback_next&quot;:&quot;&quot;,&quot;manage_history&quot;:&quot;enabled&quot;,&quot;has_controls_in_form&quot;:&quot;disabled&quot;,&quot;infinite_tolerance&quot;:0,&quot;max_pages&quot;:4,&quot;page&quot;:1,&quot;base_permalink&quot;:&quot;\/fashion\/wp-json\/wp\/v2\/pages\/549?wpv_view_count=2047-TCPID549&amp;wpv_paged=WPV_PAGE_NUM&quot;,&quot;loop&quot;:{&quot;type&quot;:&quot;&quot;,&quot;name&quot;:&quot;&quot;,&quot;data&quot;:[],&quot;id&quot;:0}}\" data-permalink=\"\/fashion\/wp-json\/wp\/v2\/pages\/549?wpv_view_count=2047-TCPID549\">\n\n\n\n\t\n\n<div class=\"view-wrapper\">\n\t \n\t\t\n\t\t\n<article><a href=\"https:\/\/juwelieramschloss.de\/fashion\/produkt\/thomas-sabo-watches-automatikuhr-mit-36-mm-und-lilienemblem-silberfarben-wa0414-201-203\/\"><div class=\"thumbnail-wrapper\"><img width=\"210\" height=\"300\" src=\"https:\/\/juwelieramschloss.de\/fashion\/wp-content\/uploads\/sites\/5\/2025\/09\/thomas-sabo-automatikuhr-mit-36-mm-und-lilienemblem-silberfarben-wa0414-201-203-25405293-210x300.png\" class=\"attachment-medium size-medium wp-post-image\" alt=\"Thomas Sabo Automatikuhr mit 36 mm und Lilienemblem silberfarben WA0414-201-203 bei Juwelier am Schloss in Schwetzingen Baden-W\u00fcrttemberg\" decoding=\"async\" loading=\"lazy\" srcset=\"https:\/\/juwelieramschloss.de\/fashion\/wp-content\/uploads\/sites\/5\/2025\/09\/thomas-sabo-automatikuhr-mit-36-mm-und-lilienemblem-silberfarben-wa0414-201-203-25405293-210x300.png 210w, https:\/\/juwelieramschloss.de\/fashion\/wp-content\/uploads\/sites\/5\/2025\/09\/thomas-sabo-automatikuhr-mit-36-mm-und-lilienemblem-silberfarben-wa0414-201-203-25405293-600x857.png 600w, https:\/\/juwelieramschloss.de\/fashion\/wp-content\/uploads\/sites\/5\/2025\/09\/thomas-sabo-automatikuhr-mit-36-mm-und-lilienemblem-silberfarben-wa0414-201-203-25405293-56x80.png 56w, https:\/\/juwelieramschloss.de\/fashion\/wp-content\/uploads\/sites\/5\/2025\/09\/thomas-sabo-automatikuhr-mit-36-mm-und-lilienemblem-silberfarben-wa0414-201-203-25405293-301x430.png 301w, https:\/\/juwelieramschloss.de\/fashion\/wp-content\/uploads\/sites\/5\/2025\/09\/thomas-sabo-automatikuhr-mit-36-mm-und-lilienemblem-silberfarben-wa0414-201-203-25405293-300x429.png 300w, https:\/\/juwelieramschloss.de\/fashion\/wp-content\/uploads\/sites\/5\/2025\/09\/thomas-sabo-automatikuhr-mit-36-mm-und-lilienemblem-silberfarben-wa0414-201-203-25405293-500x714.png 500w, https:\/\/juwelieramschloss.de\/fashion\/wp-content\/uploads\/sites\/5\/2025\/09\/thomas-sabo-automatikuhr-mit-36-mm-und-lilienemblem-silberfarben-wa0414-201-203-25405293.png 700w\" sizes=\"(max-width: 210px) 100vw, 210px\" \/><\/div><div class=\"zeile-1\">Thomas Sabo<\/div><div class=\"zeile-2\">Automatikuhr mit 36 mm und Lilienemblem silberfarben<\/div><\/a><\/article>\n\t\t\n<article><a href=\"https:\/\/juwelieramschloss.de\/fashion\/produkt\/thomas-sabo-watches-uhr-mit-kosmischem-zifferblatt-in-schwarz-silberfarben-wa0402-201-203\/\"><div class=\"thumbnail-wrapper\"><img width=\"210\" height=\"300\" src=\"https:\/\/juwelieramschloss.de\/fashion\/wp-content\/uploads\/sites\/5\/2025\/09\/thomas-sabo-uhr-mit-kosmischem-zifferblatt-in-schwarz-silberfarben-wa0402-201-203-25405290-210x300.png\" class=\"attachment-medium size-medium wp-post-image\" alt=\"Thomas Sabo Uhr mit kosmischem Zifferblatt in Schwarz silberfarben WA0402-201-203 bei Juwelier am Schloss in Schwetzingen Baden-W\u00fcrttemberg\" decoding=\"async\" loading=\"lazy\" srcset=\"https:\/\/juwelieramschloss.de\/fashion\/wp-content\/uploads\/sites\/5\/2025\/09\/thomas-sabo-uhr-mit-kosmischem-zifferblatt-in-schwarz-silberfarben-wa0402-201-203-25405290-210x300.png 210w, https:\/\/juwelieramschloss.de\/fashion\/wp-content\/uploads\/sites\/5\/2025\/09\/thomas-sabo-uhr-mit-kosmischem-zifferblatt-in-schwarz-silberfarben-wa0402-201-203-25405290-600x857.png 600w, https:\/\/juwelieramschloss.de\/fashion\/wp-content\/uploads\/sites\/5\/2025\/09\/thomas-sabo-uhr-mit-kosmischem-zifferblatt-in-schwarz-silberfarben-wa0402-201-203-25405290-56x80.png 56w, https:\/\/juwelieramschloss.de\/fashion\/wp-content\/uploads\/sites\/5\/2025\/09\/thomas-sabo-uhr-mit-kosmischem-zifferblatt-in-schwarz-silberfarben-wa0402-201-203-25405290-301x430.png 301w, https:\/\/juwelieramschloss.de\/fashion\/wp-content\/uploads\/sites\/5\/2025\/09\/thomas-sabo-uhr-mit-kosmischem-zifferblatt-in-schwarz-silberfarben-wa0402-201-203-25405290-300x429.png 300w, https:\/\/juwelieramschloss.de\/fashion\/wp-content\/uploads\/sites\/5\/2025\/09\/thomas-sabo-uhr-mit-kosmischem-zifferblatt-in-schwarz-silberfarben-wa0402-201-203-25405290-500x714.png 500w, https:\/\/juwelieramschloss.de\/fashion\/wp-content\/uploads\/sites\/5\/2025\/09\/thomas-sabo-uhr-mit-kosmischem-zifferblatt-in-schwarz-silberfarben-wa0402-201-203-25405290.png 700w\" sizes=\"(max-width: 210px) 100vw, 210px\" \/><\/div><div class=\"zeile-1\">Thomas Sabo<\/div><div class=\"zeile-2\">Uhr mit kosmischem Zifferblatt in Schwarz silberfarben<\/div><\/a><\/article>\n\t\t\n<article><a href=\"https:\/\/juwelieramschloss.de\/fashion\/produkt\/thomas-sabo-watches-damenuhr-mit-schmetterlingen-bicolor-wa0433-291-202\/\"><div class=\"thumbnail-wrapper\"><img width=\"210\" height=\"300\" src=\"https:\/\/juwelieramschloss.de\/fashion\/wp-content\/uploads\/sites\/5\/2025\/09\/thomas-sabo-damenuhr-mit-schmetterlingen-bicolor-wa0433-291-202-25405287-210x300.png\" class=\"attachment-medium size-medium wp-post-image\" alt=\"Thomas Sabo Damenuhr mit Schmetterlingen Bicolor WA0433-291-202 bei Juwelier am Schloss in Schwetzingen Baden-W\u00fcrttemberg\" decoding=\"async\" loading=\"lazy\" srcset=\"https:\/\/juwelieramschloss.de\/fashion\/wp-content\/uploads\/sites\/5\/2025\/09\/thomas-sabo-damenuhr-mit-schmetterlingen-bicolor-wa0433-291-202-25405287-210x300.png 210w, https:\/\/juwelieramschloss.de\/fashion\/wp-content\/uploads\/sites\/5\/2025\/09\/thomas-sabo-damenuhr-mit-schmetterlingen-bicolor-wa0433-291-202-25405287-600x857.png 600w, https:\/\/juwelieramschloss.de\/fashion\/wp-content\/uploads\/sites\/5\/2025\/09\/thomas-sabo-damenuhr-mit-schmetterlingen-bicolor-wa0433-291-202-25405287-56x80.png 56w, https:\/\/juwelieramschloss.de\/fashion\/wp-content\/uploads\/sites\/5\/2025\/09\/thomas-sabo-damenuhr-mit-schmetterlingen-bicolor-wa0433-291-202-25405287-301x430.png 301w, https:\/\/juwelieramschloss.de\/fashion\/wp-content\/uploads\/sites\/5\/2025\/09\/thomas-sabo-damenuhr-mit-schmetterlingen-bicolor-wa0433-291-202-25405287-300x429.png 300w, https:\/\/juwelieramschloss.de\/fashion\/wp-content\/uploads\/sites\/5\/2025\/09\/thomas-sabo-damenuhr-mit-schmetterlingen-bicolor-wa0433-291-202-25405287-500x714.png 500w, https:\/\/juwelieramschloss.de\/fashion\/wp-content\/uploads\/sites\/5\/2025\/09\/thomas-sabo-damenuhr-mit-schmetterlingen-bicolor-wa0433-291-202-25405287.png 700w\" sizes=\"(max-width: 210px) 100vw, 210px\" \/><\/div><div class=\"zeile-1\">Thomas Sabo<\/div><div class=\"zeile-2\">Damenuhr mit Schmetterlingen Bicolor<\/div><\/a><\/article>\n\t\t\n<article><a href=\"https:\/\/juwelieramschloss.de\/fashion\/produkt\/thomas-sabo-watches-damenuhr-mit-schmetterlingen-silberfarben-wa0432-201-203\/\"><div class=\"thumbnail-wrapper\"><img width=\"210\" height=\"300\" src=\"https:\/\/juwelieramschloss.de\/fashion\/wp-content\/uploads\/sites\/5\/2025\/09\/thomas-sabo-damenuhr-mit-schmetterlingen-silberfarben-wa0432-201-203-25405284-210x300.png\" class=\"attachment-medium size-medium wp-post-image\" alt=\"Thomas Sabo Damenuhr mit Schmetterlingen silberfarben WA0432-201-203 bei Juwelier am Schloss in Schwetzingen Baden-W\u00fcrttemberg\" decoding=\"async\" loading=\"lazy\" srcset=\"https:\/\/juwelieramschloss.de\/fashion\/wp-content\/uploads\/sites\/5\/2025\/09\/thomas-sabo-damenuhr-mit-schmetterlingen-silberfarben-wa0432-201-203-25405284-210x300.png 210w, https:\/\/juwelieramschloss.de\/fashion\/wp-content\/uploads\/sites\/5\/2025\/09\/thomas-sabo-damenuhr-mit-schmetterlingen-silberfarben-wa0432-201-203-25405284-600x857.png 600w, https:\/\/juwelieramschloss.de\/fashion\/wp-content\/uploads\/sites\/5\/2025\/09\/thomas-sabo-damenuhr-mit-schmetterlingen-silberfarben-wa0432-201-203-25405284-56x80.png 56w, https:\/\/juwelieramschloss.de\/fashion\/wp-content\/uploads\/sites\/5\/2025\/09\/thomas-sabo-damenuhr-mit-schmetterlingen-silberfarben-wa0432-201-203-25405284-301x430.png 301w, https:\/\/juwelieramschloss.de\/fashion\/wp-content\/uploads\/sites\/5\/2025\/09\/thomas-sabo-damenuhr-mit-schmetterlingen-silberfarben-wa0432-201-203-25405284-300x429.png 300w, https:\/\/juwelieramschloss.de\/fashion\/wp-content\/uploads\/sites\/5\/2025\/09\/thomas-sabo-damenuhr-mit-schmetterlingen-silberfarben-wa0432-201-203-25405284-500x714.png 500w, https:\/\/juwelieramschloss.de\/fashion\/wp-content\/uploads\/sites\/5\/2025\/09\/thomas-sabo-damenuhr-mit-schmetterlingen-silberfarben-wa0432-201-203-25405284.png 700w\" sizes=\"(max-width: 210px) 100vw, 210px\" \/><\/div><div class=\"zeile-1\">Thomas Sabo<\/div><div class=\"zeile-2\">Damenuhr mit Schmetterlingen silberfarben<\/div><\/a><\/article>\n\t\t\n<article><a href=\"https:\/\/juwelieramschloss.de\/fashion\/produkt\/thomas-sabo-watches-damenuhr-blumen-aus-rosafarbenen-steinen-bicolor-wa0382-291-201\/\"><div class=\"thumbnail-wrapper\"><img width=\"210\" height=\"300\" src=\"https:\/\/juwelieramschloss.de\/fashion\/wp-content\/uploads\/sites\/5\/2025\/09\/thomas-sabo-damenuhr-blumen-aus-rosafarbenen-steinen-bicolor-wa0382-291-201-25405281-210x300.png\" class=\"attachment-medium size-medium wp-post-image\" alt=\"Thomas Sabo Damenuhr Blumen aus rosafarbenen Steinen bicolor WA0382-291-201 bei Juwelier am Schloss in Schwetzingen Baden-W\u00fcrttemberg\" decoding=\"async\" loading=\"lazy\" srcset=\"https:\/\/juwelieramschloss.de\/fashion\/wp-content\/uploads\/sites\/5\/2025\/09\/thomas-sabo-damenuhr-blumen-aus-rosafarbenen-steinen-bicolor-wa0382-291-201-25405281-210x300.png 210w, https:\/\/juwelieramschloss.de\/fashion\/wp-content\/uploads\/sites\/5\/2025\/09\/thomas-sabo-damenuhr-blumen-aus-rosafarbenen-steinen-bicolor-wa0382-291-201-25405281-600x857.png 600w, https:\/\/juwelieramschloss.de\/fashion\/wp-content\/uploads\/sites\/5\/2025\/09\/thomas-sabo-damenuhr-blumen-aus-rosafarbenen-steinen-bicolor-wa0382-291-201-25405281-56x80.png 56w, https:\/\/juwelieramschloss.de\/fashion\/wp-content\/uploads\/sites\/5\/2025\/09\/thomas-sabo-damenuhr-blumen-aus-rosafarbenen-steinen-bicolor-wa0382-291-201-25405281-301x430.png 301w, https:\/\/juwelieramschloss.de\/fashion\/wp-content\/uploads\/sites\/5\/2025\/09\/thomas-sabo-damenuhr-blumen-aus-rosafarbenen-steinen-bicolor-wa0382-291-201-25405281-300x429.png 300w, https:\/\/juwelieramschloss.de\/fashion\/wp-content\/uploads\/sites\/5\/2025\/09\/thomas-sabo-damenuhr-blumen-aus-rosafarbenen-steinen-bicolor-wa0382-291-201-25405281-500x714.png 500w, https:\/\/juwelieramschloss.de\/fashion\/wp-content\/uploads\/sites\/5\/2025\/09\/thomas-sabo-damenuhr-blumen-aus-rosafarbenen-steinen-bicolor-wa0382-291-201-25405281.png 700w\" sizes=\"(max-width: 210px) 100vw, 210px\" \/><\/div><div class=\"zeile-1\">Thomas Sabo<\/div><div class=\"zeile-2\">Damenuhr Blumen aus rosafarbenen Steinen bicolor<\/div><\/a><\/article>\n\t\t\n<article><a href=\"https:\/\/juwelieramschloss.de\/fashion\/produkt\/thomas-sabo-watches-damenuhr-bicolor-gold-silber-wa0404-201-211\/\"><div class=\"thumbnail-wrapper\"><img width=\"210\" height=\"300\" src=\"https:\/\/juwelieramschloss.de\/fashion\/wp-content\/uploads\/sites\/5\/2025\/09\/thomas-sabo-damenuhr-bicolor-gold-silber-wa0404-201-211-25405278-210x300.png\" class=\"attachment-medium size-medium wp-post-image\" alt=\"Thomas Sabo Damenuhr Bicolor gold silber WA0404-201-211 bei Juwelier am Schloss in Schwetzingen Baden-W\u00fcrttemberg\" decoding=\"async\" loading=\"lazy\" srcset=\"https:\/\/juwelieramschloss.de\/fashion\/wp-content\/uploads\/sites\/5\/2025\/09\/thomas-sabo-damenuhr-bicolor-gold-silber-wa0404-201-211-25405278-210x300.png 210w, https:\/\/juwelieramschloss.de\/fashion\/wp-content\/uploads\/sites\/5\/2025\/09\/thomas-sabo-damenuhr-bicolor-gold-silber-wa0404-201-211-25405278-600x857.png 600w, https:\/\/juwelieramschloss.de\/fashion\/wp-content\/uploads\/sites\/5\/2025\/09\/thomas-sabo-damenuhr-bicolor-gold-silber-wa0404-201-211-25405278-56x80.png 56w, https:\/\/juwelieramschloss.de\/fashion\/wp-content\/uploads\/sites\/5\/2025\/09\/thomas-sabo-damenuhr-bicolor-gold-silber-wa0404-201-211-25405278-301x430.png 301w, https:\/\/juwelieramschloss.de\/fashion\/wp-content\/uploads\/sites\/5\/2025\/09\/thomas-sabo-damenuhr-bicolor-gold-silber-wa0404-201-211-25405278-300x429.png 300w, https:\/\/juwelieramschloss.de\/fashion\/wp-content\/uploads\/sites\/5\/2025\/09\/thomas-sabo-damenuhr-bicolor-gold-silber-wa0404-201-211-25405278-500x714.png 500w, https:\/\/juwelieramschloss.de\/fashion\/wp-content\/uploads\/sites\/5\/2025\/09\/thomas-sabo-damenuhr-bicolor-gold-silber-wa0404-201-211-25405278.png 700w\" sizes=\"(max-width: 210px) 100vw, 210px\" \/><\/div><div class=\"zeile-1\">Thomas Sabo<\/div><div class=\"zeile-2\">Damenuhr Bicolor gold silber<\/div><\/a><\/article>\n\t\t\n<article><a href=\"https:\/\/juwelieramschloss.de\/fashion\/produkt\/thomas-sabo-watches-damenuhr-divine-rainbow-mit-bunten-steinen-gelbgoldfarben-wa0395-264-207\/\"><div class=\"thumbnail-wrapper\"><img width=\"210\" height=\"300\" src=\"https:\/\/juwelieramschloss.de\/fashion\/wp-content\/uploads\/sites\/5\/2025\/09\/thomas-sabo-damenuhr-divine-rainbow-mit-bunten-steinen-gelbgoldfarben-wa0395-264-207-25405275-210x300.png\" class=\"attachment-medium size-medium wp-post-image\" alt=\"Thomas Sabo Damenuhr Divine Rainbow mit bunten Steinen gelbgoldfarben WA0395-264-207 bei Juwelier am Schloss in Schwetzingen Baden-W\u00fcrttemberg\" decoding=\"async\" loading=\"lazy\" srcset=\"https:\/\/juwelieramschloss.de\/fashion\/wp-content\/uploads\/sites\/5\/2025\/09\/thomas-sabo-damenuhr-divine-rainbow-mit-bunten-steinen-gelbgoldfarben-wa0395-264-207-25405275-210x300.png 210w, https:\/\/juwelieramschloss.de\/fashion\/wp-content\/uploads\/sites\/5\/2025\/09\/thomas-sabo-damenuhr-divine-rainbow-mit-bunten-steinen-gelbgoldfarben-wa0395-264-207-25405275-600x857.png 600w, https:\/\/juwelieramschloss.de\/fashion\/wp-content\/uploads\/sites\/5\/2025\/09\/thomas-sabo-damenuhr-divine-rainbow-mit-bunten-steinen-gelbgoldfarben-wa0395-264-207-25405275-56x80.png 56w, https:\/\/juwelieramschloss.de\/fashion\/wp-content\/uploads\/sites\/5\/2025\/09\/thomas-sabo-damenuhr-divine-rainbow-mit-bunten-steinen-gelbgoldfarben-wa0395-264-207-25405275-301x430.png 301w, https:\/\/juwelieramschloss.de\/fashion\/wp-content\/uploads\/sites\/5\/2025\/09\/thomas-sabo-damenuhr-divine-rainbow-mit-bunten-steinen-gelbgoldfarben-wa0395-264-207-25405275-300x429.png 300w, https:\/\/juwelieramschloss.de\/fashion\/wp-content\/uploads\/sites\/5\/2025\/09\/thomas-sabo-damenuhr-divine-rainbow-mit-bunten-steinen-gelbgoldfarben-wa0395-264-207-25405275-500x714.png 500w, https:\/\/juwelieramschloss.de\/fashion\/wp-content\/uploads\/sites\/5\/2025\/09\/thomas-sabo-damenuhr-divine-rainbow-mit-bunten-steinen-gelbgoldfarben-wa0395-264-207-25405275.png 700w\" sizes=\"(max-width: 210px) 100vw, 210px\" \/><\/div><div class=\"zeile-1\">Thomas Sabo<\/div><div class=\"zeile-2\">Damenuhr Divine Rainbow mit bunten Steinen gelbgoldfarben<\/div><\/a><\/article>\n\t\t\n<article><a href=\"https:\/\/juwelieramschloss.de\/fashion\/produkt\/thomas-sabo-watches-uhr-divine-chrono-mit-zifferblatt-in-schwarz-gelbgoldfarben-wa0398-291-201\/\"><div class=\"thumbnail-wrapper\"><img width=\"210\" height=\"300\" src=\"https:\/\/juwelieramschloss.de\/fashion\/wp-content\/uploads\/sites\/5\/2025\/09\/thomas-sabo-uhr-divine-chrono-mit-zifferblatt-in-schwarz-gelbgoldfarben-wa0398-291-201-25405272-210x300.png\" class=\"attachment-medium size-medium wp-post-image\" alt=\"Thomas Sabo Uhr Divine Chrono mit Zifferblatt in Schwarz gelbgoldfarben WA0398-291-201 bei Juwelier am Schloss in Schwetzingen Baden-W\u00fcrttemberg\" decoding=\"async\" loading=\"lazy\" srcset=\"https:\/\/juwelieramschloss.de\/fashion\/wp-content\/uploads\/sites\/5\/2025\/09\/thomas-sabo-uhr-divine-chrono-mit-zifferblatt-in-schwarz-gelbgoldfarben-wa0398-291-201-25405272-210x300.png 210w, https:\/\/juwelieramschloss.de\/fashion\/wp-content\/uploads\/sites\/5\/2025\/09\/thomas-sabo-uhr-divine-chrono-mit-zifferblatt-in-schwarz-gelbgoldfarben-wa0398-291-201-25405272-600x857.png 600w, https:\/\/juwelieramschloss.de\/fashion\/wp-content\/uploads\/sites\/5\/2025\/09\/thomas-sabo-uhr-divine-chrono-mit-zifferblatt-in-schwarz-gelbgoldfarben-wa0398-291-201-25405272-56x80.png 56w, https:\/\/juwelieramschloss.de\/fashion\/wp-content\/uploads\/sites\/5\/2025\/09\/thomas-sabo-uhr-divine-chrono-mit-zifferblatt-in-schwarz-gelbgoldfarben-wa0398-291-201-25405272-301x430.png 301w, https:\/\/juwelieramschloss.de\/fashion\/wp-content\/uploads\/sites\/5\/2025\/09\/thomas-sabo-uhr-divine-chrono-mit-zifferblatt-in-schwarz-gelbgoldfarben-wa0398-291-201-25405272-300x429.png 300w, https:\/\/juwelieramschloss.de\/fashion\/wp-content\/uploads\/sites\/5\/2025\/09\/thomas-sabo-uhr-divine-chrono-mit-zifferblatt-in-schwarz-gelbgoldfarben-wa0398-291-201-25405272-500x714.png 500w, https:\/\/juwelieramschloss.de\/fashion\/wp-content\/uploads\/sites\/5\/2025\/09\/thomas-sabo-uhr-divine-chrono-mit-zifferblatt-in-schwarz-gelbgoldfarben-wa0398-291-201-25405272.png 700w\" sizes=\"(max-width: 210px) 100vw, 210px\" \/><\/div><div class=\"zeile-1\">Thomas Sabo<\/div><div class=\"zeile-2\">Uhr Divine Chrono mit Zifferblatt in Schwarz gelbgoldfarben<\/div><\/a><\/article>\n\t\t\n<article><a href=\"https:\/\/juwelieramschloss.de\/fashion\/produkt\/thomas-sabo-watches-damenuhr-divine-rainbow-mit-bunten-steinen-silberfarben-wa0394-201-201\/\"><div class=\"thumbnail-wrapper\"><img width=\"210\" height=\"300\" src=\"https:\/\/juwelieramschloss.de\/fashion\/wp-content\/uploads\/sites\/5\/2025\/09\/thomas-sabo-damenuhr-divine-rainbow-mit-bunten-steinen-silberfarben-wa0394-201-201-25405269-210x300.png\" class=\"attachment-medium size-medium wp-post-image\" alt=\"Thomas Sabo Damenuhr Divine Rainbow mit bunten Steinen silberfarben WA0394-201-201 bei Juwelier am Schloss in Schwetzingen Baden-W\u00fcrttemberg\" decoding=\"async\" loading=\"lazy\" srcset=\"https:\/\/juwelieramschloss.de\/fashion\/wp-content\/uploads\/sites\/5\/2025\/09\/thomas-sabo-damenuhr-divine-rainbow-mit-bunten-steinen-silberfarben-wa0394-201-201-25405269-210x300.png 210w, https:\/\/juwelieramschloss.de\/fashion\/wp-content\/uploads\/sites\/5\/2025\/09\/thomas-sabo-damenuhr-divine-rainbow-mit-bunten-steinen-silberfarben-wa0394-201-201-25405269-600x857.png 600w, https:\/\/juwelieramschloss.de\/fashion\/wp-content\/uploads\/sites\/5\/2025\/09\/thomas-sabo-damenuhr-divine-rainbow-mit-bunten-steinen-silberfarben-wa0394-201-201-25405269-56x80.png 56w, https:\/\/juwelieramschloss.de\/fashion\/wp-content\/uploads\/sites\/5\/2025\/09\/thomas-sabo-damenuhr-divine-rainbow-mit-bunten-steinen-silberfarben-wa0394-201-201-25405269-301x430.png 301w, https:\/\/juwelieramschloss.de\/fashion\/wp-content\/uploads\/sites\/5\/2025\/09\/thomas-sabo-damenuhr-divine-rainbow-mit-bunten-steinen-silberfarben-wa0394-201-201-25405269-300x429.png 300w, https:\/\/juwelieramschloss.de\/fashion\/wp-content\/uploads\/sites\/5\/2025\/09\/thomas-sabo-damenuhr-divine-rainbow-mit-bunten-steinen-silberfarben-wa0394-201-201-25405269-500x714.png 500w, https:\/\/juwelieramschloss.de\/fashion\/wp-content\/uploads\/sites\/5\/2025\/09\/thomas-sabo-damenuhr-divine-rainbow-mit-bunten-steinen-silberfarben-wa0394-201-201-25405269.png 700w\" sizes=\"(max-width: 210px) 100vw, 210px\" \/><\/div><div class=\"zeile-1\">Thomas Sabo<\/div><div class=\"zeile-2\">Damenuhr Divine Rainbow mit bunten Steinen silberfarben<\/div><\/a><\/article>\n\t\t\n<article><a href=\"https:\/\/juwelieramschloss.de\/fashion\/produkt\/thomas-sabo-watches-damenuhr-blumen-aus-weissen-steinen-wa0380-201-201\/\"><div class=\"thumbnail-wrapper\"><img width=\"210\" height=\"300\" src=\"https:\/\/juwelieramschloss.de\/fashion\/wp-content\/uploads\/sites\/5\/2025\/09\/thomas-sabo-damenuhr-blumen-aus-weissen-steinen-wa0380-201-201-25405266-210x300.png\" class=\"attachment-medium size-medium wp-post-image\" alt=\"Thomas Sabo Damenuhr Blumen aus wei\u00dfen Steinen WA0380-201-201 bei Juwelier am Schloss in Schwetzingen Baden-W\u00fcrttemberg\" decoding=\"async\" loading=\"lazy\" srcset=\"https:\/\/juwelieramschloss.de\/fashion\/wp-content\/uploads\/sites\/5\/2025\/09\/thomas-sabo-damenuhr-blumen-aus-weissen-steinen-wa0380-201-201-25405266-210x300.png 210w, https:\/\/juwelieramschloss.de\/fashion\/wp-content\/uploads\/sites\/5\/2025\/09\/thomas-sabo-damenuhr-blumen-aus-weissen-steinen-wa0380-201-201-25405266-600x857.png 600w, https:\/\/juwelieramschloss.de\/fashion\/wp-content\/uploads\/sites\/5\/2025\/09\/thomas-sabo-damenuhr-blumen-aus-weissen-steinen-wa0380-201-201-25405266-56x80.png 56w, https:\/\/juwelieramschloss.de\/fashion\/wp-content\/uploads\/sites\/5\/2025\/09\/thomas-sabo-damenuhr-blumen-aus-weissen-steinen-wa0380-201-201-25405266-301x430.png 301w, https:\/\/juwelieramschloss.de\/fashion\/wp-content\/uploads\/sites\/5\/2025\/09\/thomas-sabo-damenuhr-blumen-aus-weissen-steinen-wa0380-201-201-25405266-300x429.png 300w, https:\/\/juwelieramschloss.de\/fashion\/wp-content\/uploads\/sites\/5\/2025\/09\/thomas-sabo-damenuhr-blumen-aus-weissen-steinen-wa0380-201-201-25405266-500x714.png 500w, https:\/\/juwelieramschloss.de\/fashion\/wp-content\/uploads\/sites\/5\/2025\/09\/thomas-sabo-damenuhr-blumen-aus-weissen-steinen-wa0380-201-201-25405266.png 700w\" sizes=\"(max-width: 210px) 100vw, 210px\" \/><\/div><div class=\"zeile-1\">Thomas Sabo<\/div><div class=\"zeile-2\">Damenuhr Blumen aus wei\u00dfen Steinen<\/div><\/a><\/article>\n\t\t\n<article><a href=\"https:\/\/juwelieramschloss.de\/fashion\/produkt\/thomas-sabo-watches-damenuhr-mit-33-mm-libellen-und-steinen-silberfarben-wa0423-201-201\/\"><div class=\"thumbnail-wrapper\"><img width=\"210\" height=\"300\" src=\"https:\/\/juwelieramschloss.de\/fashion\/wp-content\/uploads\/sites\/5\/2025\/09\/thomas-sabo-damenuhr-mit-33-mm-libellen-und-steinen-silberfarben-wa0423-201-201-25405263-210x300.png\" class=\"attachment-medium size-medium wp-post-image\" alt=\"Thomas Sabo Damenuhr mit 33 mm, Libellen und Steinen silberfarben WA0423-201-201 bei Juwelier am Schloss in Schwetzingen Baden-W\u00fcrttemberg\" decoding=\"async\" loading=\"lazy\" srcset=\"https:\/\/juwelieramschloss.de\/fashion\/wp-content\/uploads\/sites\/5\/2025\/09\/thomas-sabo-damenuhr-mit-33-mm-libellen-und-steinen-silberfarben-wa0423-201-201-25405263-210x300.png 210w, https:\/\/juwelieramschloss.de\/fashion\/wp-content\/uploads\/sites\/5\/2025\/09\/thomas-sabo-damenuhr-mit-33-mm-libellen-und-steinen-silberfarben-wa0423-201-201-25405263-600x857.png 600w, https:\/\/juwelieramschloss.de\/fashion\/wp-content\/uploads\/sites\/5\/2025\/09\/thomas-sabo-damenuhr-mit-33-mm-libellen-und-steinen-silberfarben-wa0423-201-201-25405263-56x80.png 56w, https:\/\/juwelieramschloss.de\/fashion\/wp-content\/uploads\/sites\/5\/2025\/09\/thomas-sabo-damenuhr-mit-33-mm-libellen-und-steinen-silberfarben-wa0423-201-201-25405263-301x430.png 301w, https:\/\/juwelieramschloss.de\/fashion\/wp-content\/uploads\/sites\/5\/2025\/09\/thomas-sabo-damenuhr-mit-33-mm-libellen-und-steinen-silberfarben-wa0423-201-201-25405263-300x429.png 300w, https:\/\/juwelieramschloss.de\/fashion\/wp-content\/uploads\/sites\/5\/2025\/09\/thomas-sabo-damenuhr-mit-33-mm-libellen-und-steinen-silberfarben-wa0423-201-201-25405263-500x714.png 500w, https:\/\/juwelieramschloss.de\/fashion\/wp-content\/uploads\/sites\/5\/2025\/09\/thomas-sabo-damenuhr-mit-33-mm-libellen-und-steinen-silberfarben-wa0423-201-201-25405263.png 700w\" sizes=\"(max-width: 210px) 100vw, 210px\" \/><\/div><div class=\"zeile-1\">Thomas Sabo<\/div><div class=\"zeile-2\">Damenuhr mit 33 mm, Libellen und Steinen silberfarben<\/div><\/a><\/article>\n\t\t\n<article><a href=\"https:\/\/juwelieramschloss.de\/fashion\/produkt\/thomas-sabo-watches-damenuhr-mit-33-mm-libellen-und-steinen-goldfarben-wa0422-264-207\/\"><div class=\"thumbnail-wrapper\"><img width=\"210\" height=\"300\" src=\"https:\/\/juwelieramschloss.de\/fashion\/wp-content\/uploads\/sites\/5\/2025\/09\/thomas-sabo-damenuhr-mit-33-mm-libellen-und-steinen-goldfarben-wa0422-264-207-25405260-210x300.png\" class=\"attachment-medium size-medium wp-post-image\" alt=\"Thomas Sabo Damenuhr mit 33 mm, Libellen und Steinen goldfarben WA0422-264-207 bei Juwelier am Schloss in Schwetzingen Baden-W\u00fcrttemberg\" decoding=\"async\" loading=\"lazy\" srcset=\"https:\/\/juwelieramschloss.de\/fashion\/wp-content\/uploads\/sites\/5\/2025\/09\/thomas-sabo-damenuhr-mit-33-mm-libellen-und-steinen-goldfarben-wa0422-264-207-25405260-210x300.png 210w, https:\/\/juwelieramschloss.de\/fashion\/wp-content\/uploads\/sites\/5\/2025\/09\/thomas-sabo-damenuhr-mit-33-mm-libellen-und-steinen-goldfarben-wa0422-264-207-25405260-600x857.png 600w, https:\/\/juwelieramschloss.de\/fashion\/wp-content\/uploads\/sites\/5\/2025\/09\/thomas-sabo-damenuhr-mit-33-mm-libellen-und-steinen-goldfarben-wa0422-264-207-25405260-56x80.png 56w, https:\/\/juwelieramschloss.de\/fashion\/wp-content\/uploads\/sites\/5\/2025\/09\/thomas-sabo-damenuhr-mit-33-mm-libellen-und-steinen-goldfarben-wa0422-264-207-25405260-301x430.png 301w, https:\/\/juwelieramschloss.de\/fashion\/wp-content\/uploads\/sites\/5\/2025\/09\/thomas-sabo-damenuhr-mit-33-mm-libellen-und-steinen-goldfarben-wa0422-264-207-25405260-300x429.png 300w, https:\/\/juwelieramschloss.de\/fashion\/wp-content\/uploads\/sites\/5\/2025\/09\/thomas-sabo-damenuhr-mit-33-mm-libellen-und-steinen-goldfarben-wa0422-264-207-25405260-500x714.png 500w, https:\/\/juwelieramschloss.de\/fashion\/wp-content\/uploads\/sites\/5\/2025\/09\/thomas-sabo-damenuhr-mit-33-mm-libellen-und-steinen-goldfarben-wa0422-264-207-25405260.png 700w\" sizes=\"(max-width: 210px) 100vw, 210px\" \/><\/div><div class=\"zeile-1\">Thomas Sabo<\/div><div class=\"zeile-2\">Damenuhr mit 33 mm, Libellen und Steinen goldfarben<\/div><\/a><\/article>\n\t\t\n\n<\/div>\n\n<div class=\"products-pagination\">\n  <ul class=\"pagination\" style=\"display:inline-block\">\n\t<li class=\"page-item\"><\/li>\n    <li><ul class=\"wpv-pagination-nav-links-container js-wpv-pagination-nav-links-container pagination\"><li class=\"wpv-pagination-nav-links-item js-wpv-pagination-nav-links-item page-item wpv-page-link-2047-TCPID549-1 js-wpv-page-link-2047-TCPID549-1 wpv_page_current wpv-pagination-nav-links-item-current active\"><span class=\"wpv-filter-pagination-link page-link\">1<\/span><\/li><li class=\"wpv-pagination-nav-links-item js-wpv-pagination-nav-links-item page-item wpv-page-link-2047-TCPID549-2 js-wpv-page-link-2047-TCPID549-2\"><a class=\"wpv-filter-pagination-link js-wpv-pagination-link page-link\" title=\"2\" href=\"\/fashion\/wp-json\/wp\/v2\/pages\/549?wpv_view_count=2047-TCPID549&#038;wpv_paged=2\" data-viewnumber=\"2047-TCPID549\" data-page=\"2\">2<\/a><\/li><li class=\"wpv-pagination-nav-links-item js-wpv-pagination-nav-links-item page-item wpv-page-link-2047-TCPID549-3 js-wpv-page-link-2047-TCPID549-3\"><a class=\"wpv-filter-pagination-link js-wpv-pagination-link page-link\" title=\"3\" href=\"\/fashion\/wp-json\/wp\/v2\/pages\/549?wpv_view_count=2047-TCPID549&#038;wpv_paged=3\" data-viewnumber=\"2047-TCPID549\" data-page=\"3\">3<\/a><\/li><li class=\"wpv-pagination-nav-links-item js-wpv-pagination-nav-links-item page-item wpv-page-link-2047-TCPID549-4 js-wpv-page-link-2047-TCPID549-4\"><a class=\"wpv-filter-pagination-link js-wpv-pagination-link page-link\" title=\"4\" href=\"\/fashion\/wp-json\/wp\/v2\/pages\/549?wpv_view_count=2047-TCPID549&#038;wpv_paged=4\" data-viewnumber=\"2047-TCPID549\" data-page=\"4\">4<\/a><\/li><\/ul><\/li>\n\t<li class=\"page-item\"><a class=\"wpv-filter-next-link js-wpv-pagination-next-link page-link \"  href=\"\/fashion\/wp-json\/wp\/v2\/pages\/549?wpv_view_count=2047-TCPID549&#038;wpv_paged=2\"\n\t\t\t\t\tdata-viewnumber=\"2047-TCPID549\" data-page=\"2\">Weiter &gt;&gt;<\/a><\/li>\n  <\/ul>\n  \n\t\n<\/div>\n  \n  \n  \n  \n  \n  \n\n  \n  \n\n\n\t\n\t\t\n\t\n\t\n\n\t\n\n\t\n\n\t\n\n<\/div><\/div><\/div><\/div><\/div>\n\t\t\t\t<\/div>\n\t\t\t\t<\/div>\n\t\t\t\t\t\t<\/div>\n\t\t\t\t\t<\/div>\n\t\t<\/div>\n\t\t\t\t\t\t\t\t<\/div>\n\t\t\t\t\t<\/div>\n\t\t<\/section>\n\t\t\t\t<section class=\"has_ae_slider elementor-section elementor-top-section elementor-element elementor-element-4e793d4a elementor-section-boxed elementor-section-height-default elementor-section-height-default ae-bg-gallery-type-default\" data-id=\"4e793d4a\" data-element_type=\"section\" data-settings=\"{&quot;background_background&quot;:&quot;classic&quot;}\">\n\t\t\t\t\t\t<div class=\"elementor-container elementor-column-gap-default\">\n\t\t\t\t\t\t\t<div class=\"elementor-row\">\n\t\t\t\t\t<div class=\"has_ae_slider elementor-column elementor-col-100 elementor-top-column elementor-element elementor-element-7c8bab02 ae-bg-gallery-type-default\" data-id=\"7c8bab02\" data-element_type=\"column\" data-settings=\"{&quot;background_background&quot;:&quot;classic&quot;}\">\n\t\t\t<div class=\"elementor-column-wrap elementor-element-populated\">\n\t\t\t\t\t\t\t<div class=\"elementor-widget-wrap\">\n\t\t\t\t\t\t<div class=\"elementor-element elementor-element-2e12d399 elementor-widget elementor-widget-spacer\" data-id=\"2e12d399\" data-element_type=\"widget\" data-widget_type=\"spacer.default\">\n\t\t\t\t<div class=\"elementor-widget-container\">\n\t\t\t\t\t<div class=\"elementor-spacer\">\n\t\t\t<div class=\"elementor-spacer-inner\"><\/div>\n\t\t<\/div>\n\t\t\t\t<\/div>\n\t\t\t\t<\/div>\n\t\t\t\t\t\t<\/div>\n\t\t\t\t\t<\/div>\n\t\t<\/div>\n\t\t\t\t\t\t\t\t<\/div>\n\t\t\t\t\t<\/div>\n\t\t<\/section>\n\t\t\t\t<section class=\"has_ae_slider elementor-section elementor-top-section elementor-element elementor-element-529a01fd elementor-section-content-middle elementor-section-boxed elementor-section-height-default elementor-section-height-default ae-bg-gallery-type-default\" data-id=\"529a01fd\" data-element_type=\"section\">\n\t\t\t\t\t\t<div class=\"elementor-container elementor-column-gap-default\">\n\t\t\t\t\t\t\t<div class=\"elementor-row\">\n\t\t\t\t\t<div class=\"has_ae_slider elementor-column elementor-col-50 elementor-top-column elementor-element elementor-element-5576dee3 ae-bg-gallery-type-default\" data-id=\"5576dee3\" data-element_type=\"column\" data-settings=\"{&quot;background_background&quot;:&quot;classic&quot;}\">\n\t\t\t<div class=\"elementor-column-wrap elementor-element-populated\">\n\t\t\t\t\t\t\t<div class=\"elementor-widget-wrap\">\n\t\t\t\t\t\t<div class=\"elementor-element elementor-element-3f569e0e elementor-widget elementor-widget-heading\" data-id=\"3f569e0e\" data-element_type=\"widget\" data-widget_type=\"heading.default\">\n\t\t\t\t<div class=\"elementor-widget-container\">\n\t\t\t<h3 class=\"elementor-heading-title elementor-size-default\">Unvergessliche Uhren<\/h3>\t\t<\/div>\n\t\t\t\t<\/div>\n\t\t\t\t<div class=\"elementor-element elementor-element-68a1c26b elementor-widget elementor-widget-heading\" data-id=\"68a1c26b\" data-element_type=\"widget\" data-widget_type=\"heading.default\">\n\t\t\t\t<div class=\"elementor-widget-container\">\n\t\t\t<h3 class=\"elementor-heading-title elementor-size-default\">in Schwetzingen<\/h3>\t\t<\/div>\n\t\t\t\t<\/div>\n\t\t\t\t<div class=\"elementor-element elementor-element-1189df0d elementor-widget-divider--view-line elementor-widget elementor-widget-divider\" data-id=\"1189df0d\" data-element_type=\"widget\" data-widget_type=\"divider.default\">\n\t\t\t\t<div class=\"elementor-widget-container\">\n\t\t\t\t\t<div class=\"elementor-divider\">\n\t\t\t<span class=\"elementor-divider-separator\">\n\t\t\t\t\t\t<\/span>\n\t\t<\/div>\n\t\t\t\t<\/div>\n\t\t\t\t<\/div>\n\t\t\t\t\t\t<\/div>\n\t\t\t\t\t<\/div>\n\t\t<\/div>\n\t\t\t\t<div class=\"has_ae_slider elementor-column elementor-col-50 elementor-top-column elementor-element elementor-element-166c312d ae-bg-gallery-type-default\" data-id=\"166c312d\" data-element_type=\"column\">\n\t\t\t<div class=\"elementor-column-wrap elementor-element-populated\">\n\t\t\t\t\t\t\t<div class=\"elementor-widget-wrap\">\n\t\t\t\t\t\t<div class=\"elementor-element elementor-element-5be8ace6 elementor-widget elementor-widget-text-editor\" data-id=\"5be8ace6\" data-element_type=\"widget\" data-widget_type=\"text-editor.default\">\n\t\t\t\t<div class=\"elementor-widget-container\">\n\t\t\t\t\t\t\t\t<div class=\"elementor-text-editor elementor-clearfix\">\n\t\t\t\t<p>Bei Juwelier am Schloss Fashion finden Sie ein ausgew\u00e4hltes Sortiment an trendigen Zeitmessern. Bei einem Besuch in unserem Gesch\u00e4ft in Schwetzingen stehen wir Ihnen bei der Wahl der idealen Uhr beratend zur Seite.<\/p>\t\t\t\t\t<\/div>\n\t\t\t\t\t\t<\/div>\n\t\t\t\t<\/div>\n\t\t\t\t\t\t<\/div>\n\t\t\t\t\t<\/div>\n\t\t<\/div>\n\t\t\t\t\t\t\t\t<\/div>\n\t\t\t\t\t<\/div>\n\t\t<\/section>\n\t\t\t\t<section class=\"has_ae_slider elementor-section elementor-top-section elementor-element elementor-element-76820a81 elementor-section-full_width elementor-section-height-min-height elementor-hidden-phone elementor-section-height-default elementor-section-items-middle ae-bg-gallery-type-default\" data-id=\"76820a81\" data-element_type=\"section\">\n\t\t\t\t\t\t<div class=\"elementor-container elementor-column-gap-default\">\n\t\t\t\t\t\t\t<div class=\"elementor-row\">\n\t\t\t\t\t<div class=\"has_ae_slider elementor-column elementor-col-50 elementor-top-column elementor-element elementor-element-64f80c33 ae-bg-gallery-type-default\" data-id=\"64f80c33\" data-element_type=\"column\">\n\t\t\t<div class=\"elementor-column-wrap\">\n\t\t\t\t\t\t\t<div class=\"elementor-widget-wrap\">\n\t\t\t\t\t\t\t\t<\/div>\n\t\t\t\t\t<\/div>\n\t\t<\/div>\n\t\t\t\t<div class=\"has_ae_slider elementor-column elementor-col-50 elementor-top-column elementor-element elementor-element-38e93aa8 ae-bg-gallery-type-default\" data-id=\"38e93aa8\" data-element_type=\"column\" data-settings=\"{&quot;background_background&quot;:&quot;classic&quot;}\">\n\t\t\t<div class=\"elementor-column-wrap elementor-element-populated\">\n\t\t\t\t\t\t\t<div class=\"elementor-widget-wrap\">\n\t\t\t\t\t\t<div class=\"elementor-element elementor-element-6ca8141c elementor-widget elementor-widget-spacer\" data-id=\"6ca8141c\" data-element_type=\"widget\" data-widget_type=\"spacer.default\">\n\t\t\t\t<div class=\"elementor-widget-container\">\n\t\t\t\t\t<div class=\"elementor-spacer\">\n\t\t\t<div class=\"elementor-spacer-inner\"><\/div>\n\t\t<\/div>\n\t\t\t\t<\/div>\n\t\t\t\t<\/div>\n\t\t\t\t\t\t<\/div>\n\t\t\t\t\t<\/div>\n\t\t<\/div>\n\t\t\t\t\t\t\t\t<\/div>\n\t\t\t\t\t<\/div>\n\t\t<\/section>\n\t\t\t\t<section class=\"has_ae_slider elementor-section elementor-top-section elementor-element elementor-element-7101639d elementor-section-content-middle elementor-reverse-mobile elementor-section-boxed elementor-section-height-default elementor-section-height-default ae-bg-gallery-type-default\" data-id=\"7101639d\" data-element_type=\"section\">\n\t\t\t\t\t\t<div class=\"elementor-container elementor-column-gap-default\">\n\t\t\t\t\t\t\t<div class=\"elementor-row\">\n\t\t\t\t\t<div class=\"has_ae_slider elementor-column elementor-col-50 elementor-top-column elementor-element elementor-element-4f7d3e15 ae-bg-gallery-type-default\" data-id=\"4f7d3e15\" data-element_type=\"column\" data-settings=\"{&quot;background_background&quot;:&quot;classic&quot;}\">\n\t\t\t<div class=\"elementor-column-wrap elementor-element-populated\">\n\t\t\t\t\t\t\t<div class=\"elementor-widget-wrap\">\n\t\t\t\t\t\t<div class=\"elementor-element elementor-element-7691a93c elementor-widget elementor-widget-heading\" data-id=\"7691a93c\" data-element_type=\"widget\" data-widget_type=\"heading.default\">\n\t\t\t\t<div class=\"elementor-widget-container\">\n\t\t\t<h3 class=\"elementor-heading-title elementor-size-default\">Unser Uhrenlexikon<\/h3>\t\t<\/div>\n\t\t\t\t<\/div>\n\t\t\t\t<div class=\"elementor-element elementor-element-1a0a55ac elementor-widget elementor-widget-heading\" data-id=\"1a0a55ac\" data-element_type=\"widget\" data-widget_type=\"heading.default\">\n\t\t\t\t<div class=\"elementor-widget-container\">\n\t\t\t<h3 class=\"elementor-heading-title elementor-size-default\">Juwelier am Schloss Fashion<\/h3>\t\t<\/div>\n\t\t\t\t<\/div>\n\t\t\t\t<div class=\"elementor-element elementor-element-1fa4c519 elementor-widget-divider--view-line elementor-widget elementor-widget-divider\" data-id=\"1fa4c519\" data-element_type=\"widget\" data-widget_type=\"divider.default\">\n\t\t\t\t<div class=\"elementor-widget-container\">\n\t\t\t\t\t<div class=\"elementor-divider\">\n\t\t\t<span class=\"elementor-divider-separator\">\n\t\t\t\t\t\t<\/span>\n\t\t<\/div>\n\t\t\t\t<\/div>\n\t\t\t\t<\/div>\n\t\t\t\t<div class=\"elementor-element elementor-element-767aa34a elementor-widget elementor-widget-text-editor\" data-id=\"767aa34a\" data-element_type=\"widget\" data-widget_type=\"text-editor.default\">\n\t\t\t\t<div class=\"elementor-widget-container\">\n\t\t\t\t\t\t\t\t<div class=\"elementor-text-editor elementor-clearfix\">\n\t\t\t\t<p>Wir sind sehr stolz auf diese Auszeichnung und m\u00f6chten uns bei allen Kunden, Lieferanten, Vertretern, dem Schmuckmagazin und allen Beteiligten bedanken, die uns diese Auszeichnung erm\u00f6glicht haben. Wir werden weiterhin unser bestes geben. Vielen Dank auch der SCHWETZINGER ZEITUNG und dem Autor J\u00dcRGEN GRULER f\u00fcr diesen sch\u00f6nen Artikel.<\/p>\t\t\t\t\t<\/div>\n\t\t\t\t\t\t<\/div>\n\t\t\t\t<\/div>\n\t\t\t\t<div class=\"elementor-element elementor-element-636b6072 elementor-widget elementor-widget-button\" data-id=\"636b6072\" data-element_type=\"widget\" data-widget_type=\"button.default\">\n\t\t\t\t<div class=\"elementor-widget-container\">\n\t\t\t\t\t<div class=\"elementor-button-wrapper\">\n\t\t\t<a class=\"elementor-button elementor-button-link elementor-size-sm\" href=\"\/fashion\/uhren\/uhrenlexikon\/\">\n\t\t\t\t\t\t<span class=\"elementor-button-content-wrapper\">\n\t\t\t\t\t\t<span class=\"elementor-button-text\">Jetzt entdecken<\/span>\n\t\t<\/span>\n\t\t\t\t\t<\/a>\n\t\t<\/div>\n\t\t\t\t<\/div>\n\t\t\t\t<\/div>\n\t\t\t\t\t\t<\/div>\n\t\t\t\t\t<\/div>\n\t\t<\/div>\n\t\t\t\t<div class=\"has_ae_slider elementor-column elementor-col-50 elementor-top-column elementor-element elementor-element-35310ba2 ae-bg-gallery-type-default\" data-id=\"35310ba2\" data-element_type=\"column\">\n\t\t\t<div class=\"elementor-column-wrap elementor-element-populated\">\n\t\t\t\t\t\t\t<div class=\"elementor-widget-wrap\">\n\t\t\t\t\t\t<div class=\"elementor-element elementor-element-391263b8 elementor-widget elementor-widget-image\" data-id=\"391263b8\" data-element_type=\"widget\" data-widget_type=\"image.default\">\n\t\t\t\t<div class=\"elementor-widget-container\">\n\t\t\t\t\t\t\t\t<div class=\"elementor-image\">\n\t\t\t\t\t\t\t\t\t\t\t\t<img decoding=\"async\" width=\"800\" height=\"600\" src=\"https:\/\/juwelieramschloss.de\/fashion\/wp-content\/uploads\/sites\/5\/2018\/09\/Uhrenlexikon-Fashion.jpg\" class=\"attachment-full size-full wp-image-2066\" alt=\"Uhrenlexikon - Juwelier am Schloss Fashion in Schwetzingen\" loading=\"lazy\" srcset=\"https:\/\/juwelieramschloss.de\/fashion\/wp-content\/uploads\/sites\/5\/2018\/09\/Uhrenlexikon-Fashion.jpg 800w, https:\/\/juwelieramschloss.de\/fashion\/wp-content\/uploads\/sites\/5\/2018\/09\/Uhrenlexikon-Fashion-300x225.jpg 300w, https:\/\/juwelieramschloss.de\/fashion\/wp-content\/uploads\/sites\/5\/2018\/09\/Uhrenlexikon-Fashion-768x576.jpg 768w, https:\/\/juwelieramschloss.de\/fashion\/wp-content\/uploads\/sites\/5\/2018\/09\/Uhrenlexikon-Fashion-600x450.jpg 600w, https:\/\/juwelieramschloss.de\/fashion\/wp-content\/uploads\/sites\/5\/2018\/09\/Uhrenlexikon-Fashion-107x80.jpg 107w, https:\/\/juwelieramschloss.de\/fashion\/wp-content\/uploads\/sites\/5\/2018\/09\/Uhrenlexikon-Fashion-301x226.jpg 301w, https:\/\/juwelieramschloss.de\/fashion\/wp-content\/uploads\/sites\/5\/2018\/09\/Uhrenlexikon-Fashion-500x375.jpg 500w\" sizes=\"(max-width: 800px) 100vw, 800px\" \/>\t\t\t\t\t\t\t\t\t\t\t\t\t\t<\/div>\n\t\t\t\t\t\t<\/div>\n\t\t\t\t<\/div>\n\t\t\t\t\t\t<\/div>\n\t\t\t\t\t<\/div>\n\t\t<\/div>\n\t\t\t\t\t\t\t\t<\/div>\n\t\t\t\t\t<\/div>\n\t\t<\/section>\n\t\t\t\t\t\t\t\t\t<\/div>\n\t\t\t<\/div>\n\t\t\t\t\t<\/div>\n\t\t","protected":false},"excerpt":{"rendered":"<p>Thomas Sabo Uhren beim Goldschmiede Juwelier in Schwetzingen Thomas Sabo steht f\u00fcr hochwertige Uhren mit verschiedenen Styles. Die Damenkollektion Glam &amp; Soul und die Rebel at Heart Herrenkollektion passen zu jedem Anlass: Egal ob zur Cocktail-Party, zum Dinner oder zum klassischen Businesslook, zum unkonventionellen l\u00e4ssigen Streetstyle oder als einfacher Alltagsbegleiter. Hochwertige Materialien und h\u00f6chste Anspr\u00fcche &hellip;<\/p>\n<p class=\"read-more\"> <a class=\"\" href=\"https:\/\/juwelieramschloss.de\/fashion\/uhren\/thomas-sabo\/\"> <span class=\"screen-reader-text\">Thomas Sabo<\/span> Weiterlesen &raquo;<\/a><\/p>\n","protected":false},"author":6,"featured_media":0,"parent":231,"menu_order":0,"comment_status":"closed","ping_status":"closed","template":"","meta":{"site-sidebar-layout":"no-sidebar","site-content-layout":"page-builder","ast-global-header-display":"","ast-banner-title-visibility":"","ast-main-header-display":"","ast-hfb-above-header-display":"","ast-hfb-below-header-display":"","ast-hfb-mobile-header-display":"","site-post-title":"disabled","ast-breadcrumbs-content":"","ast-featured-img":"disabled","footer-sml-layout":"","theme-transparent-header-meta":"","adv-header-id-meta":"","stick-header-meta":"","header-above-stick-meta":"","header-main-stick-meta":"","header-below-stick-meta":""},"product_cat":[32],"acf":[],"yoast_head":"<!-- This site is optimized with the Yoast SEO plugin v20.9 - https:\/\/yoast.com\/wordpress\/plugins\/seo\/ -->\n<title>Thomas Sabo - Juwelier Am Schloss Fashion<\/title>\n<meta name=\"robots\" content=\"index, follow, max-snippet:-1, max-image-preview:large, max-video-preview:-1\" \/>\n<link rel=\"canonical\" href=\"https:\/\/juwelieramschloss.de\/fashion\/uhren\/thomas-sabo\/\" \/>\n<meta property=\"og:locale\" content=\"de_DE\" \/>\n<meta property=\"og:type\" content=\"article\" \/>\n<meta property=\"og:title\" content=\"Thomas Sabo - Juwelier Am Schloss Fashion\" \/>\n<meta property=\"og:description\" content=\"Thomas Sabo Uhren beim Goldschmiede Juwelier in Schwetzingen Thomas Sabo steht f\u00fcr hochwertige Uhren mit verschiedenen Styles. Die Damenkollektion Glam &amp; Soul und die Rebel at Heart Herrenkollektion passen zu jedem Anlass: Egal ob zur Cocktail-Party, zum Dinner oder zum klassischen Businesslook, zum unkonventionellen l\u00e4ssigen Streetstyle oder als einfacher Alltagsbegleiter. Hochwertige Materialien und h\u00f6chste Anspr\u00fcche &hellip; Thomas Sabo Weiterlesen &raquo;\" \/>\n<meta property=\"og:url\" content=\"https:\/\/juwelieramschloss.de\/fashion\/uhren\/thomas-sabo\/\" \/>\n<meta property=\"og:site_name\" content=\"Juwelier Am Schloss Fashion\" \/>\n<meta property=\"article:modified_time\" content=\"2022-08-02T07:12:57+00:00\" \/>\n<meta property=\"og:image\" content=\"https:\/\/juwelieramschloss.de\/fashion\/wp-content\/uploads\/sites\/5\/2018\/09\/Uhrenlexikon-Fashion.jpg\" \/>\n<meta name=\"twitter:card\" content=\"summary_large_image\" \/>\n<meta name=\"twitter:label1\" content=\"Gesch\u00e4tzte Lesezeit\" \/>\n\t<meta name=\"twitter:data1\" content=\"1\u00a0Minute\" \/>\n<script type=\"application\/ld+json\" class=\"yoast-schema-graph\">{\"@context\":\"https:\/\/schema.org\",\"@graph\":[{\"@type\":\"WebPage\",\"@id\":\"https:\/\/juwelieramschloss.de\/fashion\/uhren\/thomas-sabo\/\",\"url\":\"https:\/\/juwelieramschloss.de\/fashion\/uhren\/thomas-sabo\/\",\"name\":\"Thomas Sabo - Juwelier Am Schloss Fashion\",\"isPartOf\":{\"@id\":\"https:\/\/juwelieramschloss.de\/fashion\/#website\"},\"datePublished\":\"2018-09-17T12:11:35+00:00\",\"dateModified\":\"2022-08-02T07:12:57+00:00\",\"breadcrumb\":{\"@id\":\"https:\/\/juwelieramschloss.de\/fashion\/uhren\/thomas-sabo\/#breadcrumb\"},\"inLanguage\":\"de\",\"potentialAction\":[{\"@type\":\"ReadAction\",\"target\":[\"https:\/\/juwelieramschloss.de\/fashion\/uhren\/thomas-sabo\/\"]}]},{\"@type\":\"BreadcrumbList\",\"@id\":\"https:\/\/juwelieramschloss.de\/fashion\/uhren\/thomas-sabo\/#breadcrumb\",\"itemListElement\":[{\"@type\":\"ListItem\",\"position\":1,\"name\":\"Startseite\",\"item\":\"https:\/\/juwelieramschloss.de\/fashion\/\"},{\"@type\":\"ListItem\",\"position\":2,\"name\":\"Uhren\",\"item\":\"https:\/\/juwelieramschloss.de\/fashion\/?page_id=231\"},{\"@type\":\"ListItem\",\"position\":3,\"name\":\"Thomas Sabo\"}]},{\"@type\":\"WebSite\",\"@id\":\"https:\/\/juwelieramschloss.de\/fashion\/#website\",\"url\":\"https:\/\/juwelieramschloss.de\/fashion\/\",\"name\":\"Juwelier Am Schloss Fashion\",\"description\":\"\",\"publisher\":{\"@id\":\"https:\/\/juwelieramschloss.de\/fashion\/#organization\"},\"potentialAction\":[{\"@type\":\"SearchAction\",\"target\":{\"@type\":\"EntryPoint\",\"urlTemplate\":\"https:\/\/juwelieramschloss.de\/fashion\/?s={search_term_string}\"},\"query-input\":\"required name=search_term_string\"}],\"inLanguage\":\"de\"},{\"@type\":\"Organization\",\"@id\":\"https:\/\/juwelieramschloss.de\/fashion\/#organization\",\"name\":\"Juwelier Am Schloss Fashion\",\"url\":\"https:\/\/juwelieramschloss.de\/fashion\/\",\"logo\":{\"@type\":\"ImageObject\",\"inLanguage\":\"de\",\"@id\":\"https:\/\/juwelieramschloss.de\/fashion\/#\/schema\/logo\/image\/\",\"url\":\"https:\/\/juwelieramschloss.de\/fashion\/wp-content\/uploads\/sites\/5\/2018\/09\/cropped-Am-Schloss-Fashion-Logo-1.png\",\"contentUrl\":\"https:\/\/juwelieramschloss.de\/fashion\/wp-content\/uploads\/sites\/5\/2018\/09\/cropped-Am-Schloss-Fashion-Logo-1.png\",\"width\":487,\"height\":133,\"caption\":\"Juwelier Am Schloss Fashion\"},\"image\":{\"@id\":\"https:\/\/juwelieramschloss.de\/fashion\/#\/schema\/logo\/image\/\"}}]}<\/script>\n<!-- \/ Yoast SEO plugin. -->","yoast_head_json":{"title":"Thomas Sabo - Juwelier Am Schloss Fashion","robots":{"index":"index","follow":"follow","max-snippet":"max-snippet:-1","max-image-preview":"max-image-preview:large","max-video-preview":"max-video-preview:-1"},"canonical":"https:\/\/juwelieramschloss.de\/fashion\/uhren\/thomas-sabo\/","og_locale":"de_DE","og_type":"article","og_title":"Thomas Sabo - Juwelier Am Schloss Fashion","og_description":"Thomas Sabo Uhren beim Goldschmiede Juwelier in Schwetzingen Thomas Sabo steht f\u00fcr hochwertige Uhren mit verschiedenen Styles. Die Damenkollektion Glam &amp; Soul und die Rebel at Heart Herrenkollektion passen zu jedem Anlass: Egal ob zur Cocktail-Party, zum Dinner oder zum klassischen Businesslook, zum unkonventionellen l\u00e4ssigen Streetstyle oder als einfacher Alltagsbegleiter. Hochwertige Materialien und h\u00f6chste Anspr\u00fcche &hellip; Thomas Sabo Weiterlesen &raquo;","og_url":"https:\/\/juwelieramschloss.de\/fashion\/uhren\/thomas-sabo\/","og_site_name":"Juwelier Am Schloss Fashion","article_modified_time":"2022-08-02T07:12:57+00:00","og_image":[{"url":"https:\/\/juwelieramschloss.de\/fashion\/wp-content\/uploads\/sites\/5\/2018\/09\/Uhrenlexikon-Fashion.jpg"}],"twitter_card":"summary_large_image","twitter_misc":{"Gesch\u00e4tzte Lesezeit":"1\u00a0Minute"},"schema":{"@context":"https:\/\/schema.org","@graph":[{"@type":"WebPage","@id":"https:\/\/juwelieramschloss.de\/fashion\/uhren\/thomas-sabo\/","url":"https:\/\/juwelieramschloss.de\/fashion\/uhren\/thomas-sabo\/","name":"Thomas Sabo - Juwelier Am Schloss Fashion","isPartOf":{"@id":"https:\/\/juwelieramschloss.de\/fashion\/#website"},"datePublished":"2018-09-17T12:11:35+00:00","dateModified":"2022-08-02T07:12:57+00:00","breadcrumb":{"@id":"https:\/\/juwelieramschloss.de\/fashion\/uhren\/thomas-sabo\/#breadcrumb"},"inLanguage":"de","potentialAction":[{"@type":"ReadAction","target":["https:\/\/juwelieramschloss.de\/fashion\/uhren\/thomas-sabo\/"]}]},{"@type":"BreadcrumbList","@id":"https:\/\/juwelieramschloss.de\/fashion\/uhren\/thomas-sabo\/#breadcrumb","itemListElement":[{"@type":"ListItem","position":1,"name":"Startseite","item":"https:\/\/juwelieramschloss.de\/fashion\/"},{"@type":"ListItem","position":2,"name":"Uhren","item":"https:\/\/juwelieramschloss.de\/fashion\/?page_id=231"},{"@type":"ListItem","position":3,"name":"Thomas Sabo"}]},{"@type":"WebSite","@id":"https:\/\/juwelieramschloss.de\/fashion\/#website","url":"https:\/\/juwelieramschloss.de\/fashion\/","name":"Juwelier Am Schloss Fashion","description":"","publisher":{"@id":"https:\/\/juwelieramschloss.de\/fashion\/#organization"},"potentialAction":[{"@type":"SearchAction","target":{"@type":"EntryPoint","urlTemplate":"https:\/\/juwelieramschloss.de\/fashion\/?s={search_term_string}"},"query-input":"required name=search_term_string"}],"inLanguage":"de"},{"@type":"Organization","@id":"https:\/\/juwelieramschloss.de\/fashion\/#organization","name":"Juwelier Am Schloss Fashion","url":"https:\/\/juwelieramschloss.de\/fashion\/","logo":{"@type":"ImageObject","inLanguage":"de","@id":"https:\/\/juwelieramschloss.de\/fashion\/#\/schema\/logo\/image\/","url":"https:\/\/juwelieramschloss.de\/fashion\/wp-content\/uploads\/sites\/5\/2018\/09\/cropped-Am-Schloss-Fashion-Logo-1.png","contentUrl":"https:\/\/juwelieramschloss.de\/fashion\/wp-content\/uploads\/sites\/5\/2018\/09\/cropped-Am-Schloss-Fashion-Logo-1.png","width":487,"height":133,"caption":"Juwelier Am Schloss Fashion"},"image":{"@id":"https:\/\/juwelieramschloss.de\/fashion\/#\/schema\/logo\/image\/"}}]}},"_links":{"self":[{"href":"https:\/\/juwelieramschloss.de\/fashion\/wp-json\/wp\/v2\/pages\/549"}],"collection":[{"href":"https:\/\/juwelieramschloss.de\/fashion\/wp-json\/wp\/v2\/pages"}],"about":[{"href":"https:\/\/juwelieramschloss.de\/fashion\/wp-json\/wp\/v2\/types\/page"}],"author":[{"embeddable":true,"href":"https:\/\/juwelieramschloss.de\/fashion\/wp-json\/wp\/v2\/users\/6"}],"replies":[{"embeddable":true,"href":"https:\/\/juwelieramschloss.de\/fashion\/wp-json\/wp\/v2\/comments?post=549"}],"version-history":[{"count":10,"href":"https:\/\/juwelieramschloss.de\/fashion\/wp-json\/wp\/v2\/pages\/549\/revisions"}],"predecessor-version":[{"id":12476,"href":"https:\/\/juwelieramschloss.de\/fashion\/wp-json\/wp\/v2\/pages\/549\/revisions\/12476"}],"up":[{"embeddable":true,"href":"https:\/\/juwelieramschloss.de\/fashion\/wp-json\/wp\/v2\/pages\/231"}],"wp:attachment":[{"href":"https:\/\/juwelieramschloss.de\/fashion\/wp-json\/wp\/v2\/media?parent=549"}],"wp:term":[{"taxonomy":"product_cat","embeddable":true,"href":"https:\/\/juwelieramschloss.de\/fashion\/wp-json\/wp\/v2\/product_cat?post=549"}],"curies":[{"name":"wp","href":"https:\/\/api.w.org\/{rel}","templated":true}]}}