{"id":21933,"date":"2025-05-13T08:59:53","date_gmt":"2025-05-13T06:59:53","guid":{"rendered":"https:\/\/juwelieramschloss.de\/fashion\/?page_id=21933"},"modified":"2025-05-13T09:59:07","modified_gmt":"2025-05-13T07:59:07","slug":"palido","status":"publish","type":"page","link":"https:\/\/juwelieramschloss.de\/fashion\/schmuck\/palido\/","title":{"rendered":"Palido"},"content":{"rendered":"\t\t<div data-elementor-type=\"wp-post\" data-elementor-id=\"21933\" class=\"elementor elementor-21933\">\n\t\t\t\t\t\t<div class=\"elementor-inner\">\n\t\t\t\t<div class=\"elementor-section-wrap\">\n\t\t\t\t\t\t\t\t\t<section class=\"has_ae_slider elementor-section elementor-top-section elementor-element elementor-element-7914e9c8 elementor-section-boxed elementor-section-height-default elementor-section-height-default ae-bg-gallery-type-default\" data-id=\"7914e9c8\" data-element_type=\"section\">\n\t\t\t\t\t\t<div class=\"elementor-container elementor-column-gap-no\">\n\t\t\t\t\t\t\t<div class=\"elementor-row\">\n\t\t\t\t\t<div class=\"has_ae_slider elementor-column elementor-col-100 elementor-top-column elementor-element elementor-element-689ac975 ae-bg-gallery-type-default\" data-id=\"689ac975\" data-element_type=\"column\">\n\t\t\t<div class=\"elementor-column-wrap elementor-element-populated\">\n\t\t\t\t\t\t\t<div class=\"elementor-widget-wrap\">\n\t\t\t\t\t\t\t\t<\/div>\n\t\t\t\t\t<\/div>\n\t\t<\/div>\n\t\t\t\t\t\t\t\t<\/div>\n\t\t\t\t\t<\/div>\n\t\t<\/section>\n\t\t\t\t<section class=\"has_ae_slider elementor-section elementor-top-section elementor-element elementor-element-2dec6bf elementor-section-content-middle elementor-section-boxed elementor-section-height-default elementor-section-height-default ae-bg-gallery-type-default\" data-id=\"2dec6bf\" data-element_type=\"section\">\n\t\t\t\t\t\t<div class=\"elementor-container elementor-column-gap-default\">\n\t\t\t\t\t\t\t<div class=\"elementor-row\">\n\t\t\t\t\t<div class=\"has_ae_slider elementor-column elementor-col-100 elementor-top-column elementor-element elementor-element-4d2d6483 ae-bg-gallery-type-default\" data-id=\"4d2d6483\" data-element_type=\"column\" data-settings=\"{&quot;background_background&quot;:&quot;classic&quot;}\">\n\t\t\t<div class=\"elementor-column-wrap elementor-element-populated\">\n\t\t\t\t\t\t\t<div class=\"elementor-widget-wrap\">\n\t\t\t\t\t\t<div class=\"elementor-element elementor-element-5c840704 elementor-widget elementor-widget-heading\" data-id=\"5c840704\" data-element_type=\"widget\" data-widget_type=\"heading.default\">\n\t\t\t\t<div class=\"elementor-widget-container\">\n\t\t\t<h1 class=\"elementor-heading-title elementor-size-default\">Palido Schmuck<\/h1>\t\t<\/div>\n\t\t\t\t<\/div>\n\t\t\t\t<div class=\"elementor-element elementor-element-23f9f8dd elementor-widget elementor-widget-heading\" data-id=\"23f9f8dd\" data-element_type=\"widget\" data-widget_type=\"heading.default\">\n\t\t\t\t<div class=\"elementor-widget-container\">\n\t\t\t<h2 class=\"elementor-heading-title elementor-size-default\">bei Juwelier am Schloss Fashion in Schwetzingen<\/h2>\t\t<\/div>\n\t\t\t\t<\/div>\n\t\t\t\t<div class=\"elementor-element elementor-element-5cdead8a elementor-widget-divider--view-line elementor-widget elementor-widget-divider\" data-id=\"5cdead8a\" data-element_type=\"widget\" data-widget_type=\"divider.default\">\n\t\t\t\t<div class=\"elementor-widget-container\">\n\t\t\t\t\t<div class=\"elementor-divider\">\n\t\t\t<span class=\"elementor-divider-separator\">\n\t\t\t\t\t\t<\/span>\n\t\t<\/div>\n\t\t\t\t<\/div>\n\t\t\t\t<\/div>\n\t\t\t\t<div class=\"elementor-element elementor-element-7f4b3ea4 elementor-widget elementor-widget-text-editor\" data-id=\"7f4b3ea4\" data-element_type=\"widget\" data-widget_type=\"text-editor.default\">\n\t\t\t\t<div class=\"elementor-widget-container\">\n\t\t\t\t\t\t\t\t<div class=\"elementor-text-editor elementor-clearfix\">\n\t\t\t\t<p>Palido steht f\u00fcr hochwertigen Schmuck &#8222;Made in Austria&#8220;, der Eleganz, Qualit\u00e4t und zeitloses Design vereint. Die Marke kombiniert traditionelles Handwerk mit modernen Trends und verwendet ausschlie\u00dflich edle Materialien wie 14- und 18-kar\u00e4tiges Gold, Diamanten und Farbsteine. Ob Verlobungsringe, Ketten oder Ohrschmuck \u2013 Palido bietet exklusive St\u00fccke f\u00fcr besondere Anl\u00e4sse und den Alltag. Mit einer klaren Designsprache und hoher Handwerkskunst ist Palido die erste Wahl f\u00fcr stilbewusste Schmuckliebhaber. Entdecken Sie luxuri\u00f6sen Goldschmuck, der Ihre Pers\u00f6nlichkeit unterstreicht \u2013 stilvoll, einzigartig und mit Liebe gefertigt.<\/p>\t\t\t\t\t<\/div>\n\t\t\t\t\t\t<\/div>\n\t\t\t\t<\/div>\n\t\t\t\t\t\t<\/div>\n\t\t\t\t\t<\/div>\n\t\t<\/div>\n\t\t\t\t\t\t\t\t<\/div>\n\t\t\t\t\t<\/div>\n\t\t<\/section>\n\t\t\t\t<section class=\"has_ae_slider elementor-section elementor-top-section elementor-element elementor-element-723f901a elementor-section-boxed elementor-section-height-default elementor-section-height-default ae-bg-gallery-type-default\" data-id=\"723f901a\" data-element_type=\"section\">\n\t\t\t\t\t\t<div class=\"elementor-container elementor-column-gap-default\">\n\t\t\t\t\t\t\t<div class=\"elementor-row\">\n\t\t\t\t\t<div class=\"has_ae_slider elementor-column elementor-col-100 elementor-top-column elementor-element elementor-element-667089f1 ae-bg-gallery-type-default\" data-id=\"667089f1\" data-element_type=\"column\">\n\t\t\t<div class=\"elementor-column-wrap elementor-element-populated\">\n\t\t\t\t\t\t\t<div class=\"elementor-widget-wrap\">\n\t\t\t\t\t\t<div class=\"elementor-element elementor-element-e63b582 elementor-widget elementor-widget-shortcode\" data-id=\"e63b582\" data-element_type=\"widget\" data-widget_type=\"shortcode.default\">\n\t\t\t\t<div class=\"elementor-widget-container\">\n\t\t\t\t\t<div class=\"elementor-shortcode\"><div id=\"produktfilter_starten\">Filter<\/div><div class=\"filter-wrapper\"><div class=\"filter\"><form autocomplete=\"off\" name=\"wpv-filter-2045-TCPID21933\" action=\"\/fashion\/wp-json\/wp\/v2\/pages\/21933?wpv_view_count=2045-TCPID21933\" method=\"get\" class=\"wpv-filter-form js-wpv-filter-form js-wpv-filter-form-2045-TCPID21933 js-wpv-form-full js-wpv-dps-enabled js-wpv-ajax-results-enabled\" data-viewnumber=\"2045-TCPID21933\" data-viewid=\"2045\" data-viewhash=\"eyJuYW1lIjoic2NobXVja2ZpbHRlciJ9\" data-viewwidgetid=\"0\" data-orderby=\"\" data-order=\"\" data-orderbyas=\"\" data-orderbysecond=\"\" data-ordersecond=\"\" data-parametric=\"{&quot;query&quot;:&quot;normal&quot;,&quot;id&quot;:&quot;2045&quot;,&quot;view_id&quot;:&quot;2045&quot;,&quot;widget_id&quot;:0,&quot;view_hash&quot;:&quot;2045-TCPID21933&quot;,&quot;action&quot;:&quot;\\\/fashion\\\/wp-json\\\/wp\\\/v2\\\/pages\\\/21933?wpv_view_count=2045-TCPID21933&quot;,&quot;sort&quot;:{&quot;orderby&quot;:&quot;&quot;,&quot;order&quot;:&quot;&quot;,&quot;orderby_as&quot;:&quot;&quot;,&quot;orderby_second&quot;:&quot;&quot;,&quot;order_second&quot;:&quot;&quot;},&quot;orderby&quot;:&quot;&quot;,&quot;order&quot;:&quot;&quot;,&quot;orderby_as&quot;:&quot;&quot;,&quot;orderby_second&quot;:&quot;&quot;,&quot;order_second&quot;:&quot;&quot;,&quot;ajax_form&quot;:&quot;&quot;,&quot;ajax_results&quot;:&quot;&quot;,&quot;effect&quot;:&quot;fade&quot;,&quot;prebefore&quot;:&quot;&quot;,&quot;before&quot;:&quot;&quot;,&quot;after&quot;:&quot;&quot;,&quot;attributes&quot;:[],&quot;environment&quot;:{&quot;current_post_id&quot;:21933,&quot;parent_post_id&quot;:21933,&quot;parent_term_id&quot;:0,&quot;parent_user_id&quot;:0,&quot;archive&quot;:{&quot;type&quot;:&quot;&quot;,&quot;name&quot;:&quot;&quot;,&quot;data&quot;:[]}},&quot;loop&quot;:{&quot;type&quot;:&quot;&quot;,&quot;name&quot;:&quot;&quot;,&quot;data&quot;:[],&quot;id&quot;:0}}\" data-attributes=\"[]\" data-environment=\"{&quot;current_post_id&quot;:21933,&quot;parent_post_id&quot;:21933,&quot;parent_term_id&quot;:0,&quot;parent_user_id&quot;:0,&quot;archive&quot;:{&quot;type&quot;:&quot;&quot;,&quot;name&quot;:&quot;&quot;,&quot;data&quot;:[]}}\"><input type=\"hidden\" class=\"js-wpv-dps-filter-data js-wpv-filter-data-for-this-form\" data-action=\"\/fashion\/wp-json\/wp\/v2\/pages\/21933?wpv_view_count=2045-TCPID21933\" data-page=\"1\" data-ajax=\"enable\" data-effect=\"fade\" data-maxpages=\"3\" data-ajaxprebefore=\"\" data-ajaxbefore=\"\" data-ajaxafter=\"\" \/><input class=\"wpv_view_count wpv_view_count-2045-TCPID21933\" type=\"hidden\" name=\"wpv_view_count\" value=\"2045-TCPID21933\" \/>\n\n\n<div id=\"produktfilter\">\n  \n<div class=\"filtergebnisse_anzeigen\">Filterergebnisse anzeigen <span class=\"gefundene_zahl\">(29)<\/span><\/div>\n  \n<input type=\"button\" class=\"resetfilter form-group wpv-reset-trigger js-wpv-reset-trigger btn\" name=\"wpv_filter_reset\" value=\"Filter zur\u00fccksetzen\" \/>\n\n<div class=\"form-group\">\n\t<div class=\"key\"><label>Marke<\/label><span class=\"icon\"><i class=\"fa fa-angle-down geschlossen\" aria-hidden=\"true\"><\/i><i class=\"fa fa-angle-up offen\" aria-hidden=\"true\"><\/i><\/span><\/div>\n  \t<div class=\"werte\" data=\"schmuckmarke\">\n\t\t<div class=\"checkbox\"><label for=\"pa_schmuckmarke-palido\"><input type=\"checkbox\" id=\"pa_schmuckmarke-palido\" class=\"js-wpv-filter-trigger\" name=\"wpv-pa_schmuckmarke[]\" value=\"palido\" \/>Palido (29)<\/label><\/div>\n    <\/div>\n<\/div>\n<div class=\"form-group\">\n\t<div class=\"key\"><label>Schmuckart<\/label><span class=\"icon\"><\/span><span class=\"icon\"><i class=\"fa fa-angle-down geschlossen\" aria-hidden=\"true\"><\/i><i class=\"fa fa-angle-up offen\" aria-hidden=\"true\"><\/i><\/span><\/div>\n  \t<div class=\"werte\" data=\"schmuckart\">\n\t\t<div class=\"checkbox\"><label for=\"pa_schmuckart-anhaenger\"><input type=\"checkbox\" id=\"pa_schmuckart-anhaenger\" class=\"js-wpv-filter-trigger\" name=\"wpv-pa_schmuckart[]\" value=\"anhaenger\" \/>Anh\u00e4nger (8)<\/label><\/div><div class=\"checkbox\"><label for=\"pa_schmuckart-armschmuck\"><input type=\"checkbox\" id=\"pa_schmuckart-armschmuck\" class=\"js-wpv-filter-trigger\" name=\"wpv-pa_schmuckart[]\" value=\"armschmuck\" \/>Armschmuck (2)<\/label><\/div><div class=\"checkbox\"><label for=\"pa_schmuckart-diamantschmuck\"><input type=\"checkbox\" id=\"pa_schmuckart-diamantschmuck\" class=\"js-wpv-filter-trigger\" name=\"wpv-pa_schmuckart[]\" value=\"diamantschmuck\" \/>Diamantschmuck (18)<\/label><\/div><div class=\"checkbox\"><label for=\"pa_schmuckart-halsschmuck\"><input type=\"checkbox\" id=\"pa_schmuckart-halsschmuck\" class=\"js-wpv-filter-trigger\" name=\"wpv-pa_schmuckart[]\" value=\"halsschmuck\" \/>Halsschmuck (9)<\/label><\/div><div class=\"checkbox\"><label for=\"pa_schmuckart-ohrschmuck\"><input type=\"checkbox\" id=\"pa_schmuckart-ohrschmuck\" class=\"js-wpv-filter-trigger\" name=\"wpv-pa_schmuckart[]\" value=\"ohrschmuck\" \/>Ohrschmuck (6)<\/label><\/div><div class=\"checkbox\"><label for=\"pa_schmuckart-ring\"><input type=\"checkbox\" id=\"pa_schmuckart-ring\" class=\"js-wpv-filter-trigger\" name=\"wpv-pa_schmuckart[]\" value=\"ring\" \/>Ring (10)<\/label><\/div>\n  \t<\/div>\n<\/div>\n<div class=\"form-group\">\n\t<div class=\"key\"><label>Material<\/label><span class=\"icon\"><\/span><span class=\"icon\"><i class=\"fa fa-angle-down geschlossen\" aria-hidden=\"true\"><\/i><i class=\"fa fa-angle-up offen\" aria-hidden=\"true\"><\/i><\/span><\/div>\n  \t<div class=\"werte\" data=\"gehaeuse\">\n\t\t<div class=\"checkbox\"><label for=\"pa_material-gelbgold\"><input type=\"checkbox\" id=\"pa_material-gelbgold\" class=\"js-wpv-filter-trigger\" name=\"wpv-pa_material[]\" value=\"gelbgold\" \/>Gelbgold (22)<\/label><\/div><div class=\"checkbox\"><label for=\"pa_material-weissgold\"><input type=\"checkbox\" id=\"pa_material-weissgold\" class=\"js-wpv-filter-trigger\" name=\"wpv-pa_material[]\" value=\"weissgold\" \/>Wei\u00dfgold (7)<\/label><\/div>\n  \t<\/div>\n<\/div>\n<div class=\"form-group\">\n\t<div class=\"key\"><label>Geschlecht<\/label><span class=\"icon\"><i class=\"fa fa-angle-down geschlossen\" aria-hidden=\"true\"><\/i><i class=\"fa fa-angle-up offen\" aria-hidden=\"true\"><\/i><\/span><\/div>\n  \t<div class=\"werte\" data=\"geschlecht\">\n\t\t<div class=\"checkbox\"><label for=\"pa_zielgruppe-damenschmuck\"><input type=\"checkbox\" id=\"pa_zielgruppe-damenschmuck\" class=\"js-wpv-filter-trigger\" name=\"wpv-pa_zielgruppe[]\" value=\"damenschmuck\" \/>Damenschmuck (29)<\/label><\/div>\n\t<\/div>\n<\/div>\n<div class=\"form-group\">\n\t<div class=\"key\"><label>Besatz<\/label><span class=\"icon\"><i class=\"fa fa-angle-down geschlossen\" aria-hidden=\"true\"><\/i><i class=\"fa fa-angle-up offen\" aria-hidden=\"true\"><\/i><\/span><\/div>\n  \t<div class=\"werte\" data=\"besatz\">\n\t\t<div class=\"checkbox\"><label for=\"pa_besatz-diamanten-brillanten\"><input type=\"checkbox\" id=\"pa_besatz-diamanten-brillanten\" class=\"js-wpv-filter-trigger\" name=\"wpv-pa_besatz[]\" value=\"diamanten-brillanten\" \/>Diamanten\/Brillanten (18)<\/label><\/div><div class=\"checkbox\"><label for=\"pa_besatz-farbsteine\"><input type=\"checkbox\" id=\"pa_besatz-farbsteine\" class=\"js-wpv-filter-trigger\" name=\"wpv-pa_besatz[]\" value=\"farbsteine\" \/>Farbsteine (6)<\/label><\/div><div class=\"checkbox\"><label for=\"pa_besatz-ohne-besatz\"><input type=\"checkbox\" id=\"pa_besatz-ohne-besatz\" class=\"js-wpv-filter-trigger\" name=\"wpv-pa_besatz[]\" value=\"ohne-besatz\" \/>Ohne Besatz (11)<\/label><\/div>\n\t<\/div>\n<\/div>\n\n<\/div>\n<span style=\"display:none\" class=\"js-wpv-dps-spinner spinner\"><img decoding=\"async\" src=\"\/goldschmiede\/wp-content\/uploads\/sites\/4\/2018\/08\/cropped-Am-Schloss-Logo.png\" \/><\/span>\n  \n\n\n\n<\/form>\n<\/div><div class=\"filterergebnisse\"><div id=\"produktlistung\">\n<div id=\"wpv-view-layout-2045-TCPID21933\" class=\"js-wpv-view-layout js-wpv-layout-responsive js-wpv-view-layout-2045-TCPID21933 wpv-pagination js-wpv-layout-has-pagination wpv-pagination-preload-images js-wpv-layout-preload-images wpv-pagination-preload-pages js-wpv-layout-preload-pages\" style=\"visibility:hidden;\" data-viewnumber=\"2045-TCPID21933\" data-pagination=\"{&quot;id&quot;:&quot;2045&quot;,&quot;query&quot;:&quot;normal&quot;,&quot;type&quot;:&quot;ajaxed&quot;,&quot;effect&quot;:&quot;fade&quot;,&quot;duration&quot;:&quot;500&quot;,&quot;speed&quot;:&quot;5&quot;,&quot;pause_on_hover&quot;:&quot;disabled&quot;,&quot;stop_rollover&quot;:&quot;false&quot;,&quot;cache_pages&quot;:&quot;enabled&quot;,&quot;preload_images&quot;:&quot;enabled&quot;,&quot;preload_pages&quot;:&quot;enabled&quot;,&quot;preload_reach&quot;:&quot;1&quot;,&quot;spinner&quot;:&quot;builtin&quot;,&quot;spinner_image&quot;:&quot;https:\/\/juwelieramschloss.de\/fashion\/wp-content\/plugins\/wp-views\/embedded\/res\/img\/ajax-loader.gif&quot;,&quot;callback_next&quot;:&quot;&quot;,&quot;manage_history&quot;:&quot;enabled&quot;,&quot;has_controls_in_form&quot;:&quot;disabled&quot;,&quot;infinite_tolerance&quot;:0,&quot;max_pages&quot;:3,&quot;page&quot;:1,&quot;base_permalink&quot;:&quot;\/fashion\/wp-json\/wp\/v2\/pages\/21933?wpv_view_count=2045-TCPID21933&amp;wpv_paged=WPV_PAGE_NUM&quot;,&quot;loop&quot;:{&quot;type&quot;:&quot;&quot;,&quot;name&quot;:&quot;&quot;,&quot;data&quot;:[],&quot;id&quot;:0}}\" data-permalink=\"\/fashion\/wp-json\/wp\/v2\/pages\/21933?wpv_view_count=2045-TCPID21933\">\n\n\n\n\t\n\n\n\t \n\t\t\n<div class=\"view-wrapper\">\n\t\t\n<article><a href=\"https:\/\/juwelieramschloss.de\/fashion\/produkt\/palido\/\"><div class=\"thumbnail-wrapper\"><img width=\"300\" height=\"300\" src=\"https:\/\/juwelieramschloss.de\/fashion\/wp-content\/uploads\/sites\/5\/2026\/02\/palido-halskette-mit-anhnger-25417797-300x300.png\" class=\"attachment-medium size-medium wp-post-image\" alt=\"Palido Halskette mit Anh\u00e4nger bei Juwelier am Schloss in Schwetzingen Baden-W\u00fcrttemberg\" decoding=\"async\" loading=\"lazy\" srcset=\"https:\/\/juwelieramschloss.de\/fashion\/wp-content\/uploads\/sites\/5\/2026\/02\/palido-halskette-mit-anhnger-25417797-300x300.png 300w, https:\/\/juwelieramschloss.de\/fashion\/wp-content\/uploads\/sites\/5\/2026\/02\/palido-halskette-mit-anhnger-25417797-150x150.png 150w, https:\/\/juwelieramschloss.de\/fashion\/wp-content\/uploads\/sites\/5\/2026\/02\/palido-halskette-mit-anhnger-25417797-768x768.png 768w, https:\/\/juwelieramschloss.de\/fashion\/wp-content\/uploads\/sites\/5\/2026\/02\/palido-halskette-mit-anhnger-25417797-600x600.png 600w, https:\/\/juwelieramschloss.de\/fashion\/wp-content\/uploads\/sites\/5\/2026\/02\/palido-halskette-mit-anhnger-25417797-100x100.png 100w, https:\/\/juwelieramschloss.de\/fashion\/wp-content\/uploads\/sites\/5\/2026\/02\/palido-halskette-mit-anhnger-25417797-80x80.png 80w, https:\/\/juwelieramschloss.de\/fashion\/wp-content\/uploads\/sites\/5\/2026\/02\/palido-halskette-mit-anhnger-25417797-301x301.png 301w, https:\/\/juwelieramschloss.de\/fashion\/wp-content\/uploads\/sites\/5\/2026\/02\/palido-halskette-mit-anhnger-25417797-500x500.png 500w, https:\/\/juwelieramschloss.de\/fashion\/wp-content\/uploads\/sites\/5\/2026\/02\/palido-halskette-mit-anhnger-25417797.png 1000w\" sizes=\"(max-width: 300px) 100vw, 300px\" \/><\/div><div class=\"zeile-1\">Palido<\/div><div class=\"zeile-2\">Halskette mit Anh\u00e4nger<\/div><\/a><\/article>\n\t\t\n<article><a href=\"https:\/\/juwelieramschloss.de\/fashion\/produkt\/palido-2\/\"><div class=\"thumbnail-wrapper\"><img width=\"300\" height=\"300\" src=\"https:\/\/juwelieramschloss.de\/fashion\/wp-content\/uploads\/sites\/5\/2026\/02\/palido-ohrstecker-25417794-300x300.png\" class=\"attachment-medium size-medium wp-post-image\" alt=\"Palido Ohrstecker bei Juwelier am Schloss in Schwetzingen Baden-W\u00fcrttemberg\" decoding=\"async\" loading=\"lazy\" srcset=\"https:\/\/juwelieramschloss.de\/fashion\/wp-content\/uploads\/sites\/5\/2026\/02\/palido-ohrstecker-25417794-300x300.png 300w, https:\/\/juwelieramschloss.de\/fashion\/wp-content\/uploads\/sites\/5\/2026\/02\/palido-ohrstecker-25417794-150x150.png 150w, https:\/\/juwelieramschloss.de\/fashion\/wp-content\/uploads\/sites\/5\/2026\/02\/palido-ohrstecker-25417794-768x768.png 768w, https:\/\/juwelieramschloss.de\/fashion\/wp-content\/uploads\/sites\/5\/2026\/02\/palido-ohrstecker-25417794-600x600.png 600w, https:\/\/juwelieramschloss.de\/fashion\/wp-content\/uploads\/sites\/5\/2026\/02\/palido-ohrstecker-25417794-100x100.png 100w, https:\/\/juwelieramschloss.de\/fashion\/wp-content\/uploads\/sites\/5\/2026\/02\/palido-ohrstecker-25417794-80x80.png 80w, https:\/\/juwelieramschloss.de\/fashion\/wp-content\/uploads\/sites\/5\/2026\/02\/palido-ohrstecker-25417794-301x301.png 301w, https:\/\/juwelieramschloss.de\/fashion\/wp-content\/uploads\/sites\/5\/2026\/02\/palido-ohrstecker-25417794-500x500.png 500w, https:\/\/juwelieramschloss.de\/fashion\/wp-content\/uploads\/sites\/5\/2026\/02\/palido-ohrstecker-25417794.png 1000w\" sizes=\"(max-width: 300px) 100vw, 300px\" \/><\/div><div class=\"zeile-1\">Palido<\/div><div class=\"zeile-2\">Ohrstecker<\/div><\/a><\/article>\n\t\t\n<article><a href=\"https:\/\/juwelieramschloss.de\/fashion\/produkt\/palido-3\/\"><div class=\"thumbnail-wrapper\"><img width=\"300\" height=\"300\" src=\"https:\/\/juwelieramschloss.de\/fashion\/wp-content\/uploads\/sites\/5\/2026\/02\/palido-anhnger-25417791-300x300.png\" class=\"attachment-medium size-medium wp-post-image\" alt=\"Palido Anh\u00e4nger bei Juwelier am Schloss in Schwetzingen Baden-W\u00fcrttemberg\" decoding=\"async\" loading=\"lazy\" srcset=\"https:\/\/juwelieramschloss.de\/fashion\/wp-content\/uploads\/sites\/5\/2026\/02\/palido-anhnger-25417791-300x300.png 300w, https:\/\/juwelieramschloss.de\/fashion\/wp-content\/uploads\/sites\/5\/2026\/02\/palido-anhnger-25417791-150x150.png 150w, https:\/\/juwelieramschloss.de\/fashion\/wp-content\/uploads\/sites\/5\/2026\/02\/palido-anhnger-25417791-768x768.png 768w, https:\/\/juwelieramschloss.de\/fashion\/wp-content\/uploads\/sites\/5\/2026\/02\/palido-anhnger-25417791-600x600.png 600w, https:\/\/juwelieramschloss.de\/fashion\/wp-content\/uploads\/sites\/5\/2026\/02\/palido-anhnger-25417791-100x100.png 100w, https:\/\/juwelieramschloss.de\/fashion\/wp-content\/uploads\/sites\/5\/2026\/02\/palido-anhnger-25417791-80x80.png 80w, https:\/\/juwelieramschloss.de\/fashion\/wp-content\/uploads\/sites\/5\/2026\/02\/palido-anhnger-25417791-301x301.png 301w, https:\/\/juwelieramschloss.de\/fashion\/wp-content\/uploads\/sites\/5\/2026\/02\/palido-anhnger-25417791-500x500.png 500w, https:\/\/juwelieramschloss.de\/fashion\/wp-content\/uploads\/sites\/5\/2026\/02\/palido-anhnger-25417791.png 1000w\" sizes=\"(max-width: 300px) 100vw, 300px\" \/><\/div><div class=\"zeile-1\">Palido<\/div><div class=\"zeile-2\">Anh\u00e4nger<\/div><\/a><\/article>\n\t\t\n<article><a href=\"https:\/\/juwelieramschloss.de\/fashion\/produkt\/palido-4\/\"><div class=\"thumbnail-wrapper\"><img width=\"300\" height=\"300\" src=\"https:\/\/juwelieramschloss.de\/fashion\/wp-content\/uploads\/sites\/5\/2026\/02\/palido-anhnger-25417788-300x300.png\" class=\"attachment-medium size-medium wp-post-image\" alt=\"Palido Anh\u00e4nger bei Juwelier am Schloss in Schwetzingen Baden-W\u00fcrttemberg\" decoding=\"async\" loading=\"lazy\" srcset=\"https:\/\/juwelieramschloss.de\/fashion\/wp-content\/uploads\/sites\/5\/2026\/02\/palido-anhnger-25417788-300x300.png 300w, https:\/\/juwelieramschloss.de\/fashion\/wp-content\/uploads\/sites\/5\/2026\/02\/palido-anhnger-25417788-150x150.png 150w, https:\/\/juwelieramschloss.de\/fashion\/wp-content\/uploads\/sites\/5\/2026\/02\/palido-anhnger-25417788-768x768.png 768w, https:\/\/juwelieramschloss.de\/fashion\/wp-content\/uploads\/sites\/5\/2026\/02\/palido-anhnger-25417788-600x600.png 600w, https:\/\/juwelieramschloss.de\/fashion\/wp-content\/uploads\/sites\/5\/2026\/02\/palido-anhnger-25417788-100x100.png 100w, https:\/\/juwelieramschloss.de\/fashion\/wp-content\/uploads\/sites\/5\/2026\/02\/palido-anhnger-25417788-80x80.png 80w, https:\/\/juwelieramschloss.de\/fashion\/wp-content\/uploads\/sites\/5\/2026\/02\/palido-anhnger-25417788-301x301.png 301w, https:\/\/juwelieramschloss.de\/fashion\/wp-content\/uploads\/sites\/5\/2026\/02\/palido-anhnger-25417788-500x500.png 500w, https:\/\/juwelieramschloss.de\/fashion\/wp-content\/uploads\/sites\/5\/2026\/02\/palido-anhnger-25417788.png 1000w\" sizes=\"(max-width: 300px) 100vw, 300px\" \/><\/div><div class=\"zeile-1\">Palido<\/div><div class=\"zeile-2\">Anh\u00e4nger<\/div><\/a><\/article>\n\t\t\n<article><a href=\"https:\/\/juwelieramschloss.de\/fashion\/produkt\/palido-5\/\"><div class=\"thumbnail-wrapper\"><img width=\"300\" height=\"300\" src=\"https:\/\/juwelieramschloss.de\/fashion\/wp-content\/uploads\/sites\/5\/2026\/02\/palido-ring-25417785-300x300.png\" class=\"attachment-medium size-medium wp-post-image\" alt=\"Palido Ring bei Juwelier am Schloss in Schwetzingen Baden-W\u00fcrttemberg\" decoding=\"async\" loading=\"lazy\" srcset=\"https:\/\/juwelieramschloss.de\/fashion\/wp-content\/uploads\/sites\/5\/2026\/02\/palido-ring-25417785-300x300.png 300w, https:\/\/juwelieramschloss.de\/fashion\/wp-content\/uploads\/sites\/5\/2026\/02\/palido-ring-25417785-150x150.png 150w, https:\/\/juwelieramschloss.de\/fashion\/wp-content\/uploads\/sites\/5\/2026\/02\/palido-ring-25417785-768x768.png 768w, https:\/\/juwelieramschloss.de\/fashion\/wp-content\/uploads\/sites\/5\/2026\/02\/palido-ring-25417785-600x600.png 600w, https:\/\/juwelieramschloss.de\/fashion\/wp-content\/uploads\/sites\/5\/2026\/02\/palido-ring-25417785-100x100.png 100w, https:\/\/juwelieramschloss.de\/fashion\/wp-content\/uploads\/sites\/5\/2026\/02\/palido-ring-25417785-80x80.png 80w, https:\/\/juwelieramschloss.de\/fashion\/wp-content\/uploads\/sites\/5\/2026\/02\/palido-ring-25417785-301x301.png 301w, https:\/\/juwelieramschloss.de\/fashion\/wp-content\/uploads\/sites\/5\/2026\/02\/palido-ring-25417785-500x500.png 500w, https:\/\/juwelieramschloss.de\/fashion\/wp-content\/uploads\/sites\/5\/2026\/02\/palido-ring-25417785.png 1000w\" sizes=\"(max-width: 300px) 100vw, 300px\" \/><\/div><div class=\"zeile-1\">Palido<\/div><div class=\"zeile-2\">Ring<\/div><\/a><\/article>\n\t\t\n<article><a href=\"https:\/\/juwelieramschloss.de\/fashion\/produkt\/palido-6\/\"><div class=\"thumbnail-wrapper\"><img width=\"300\" height=\"300\" src=\"https:\/\/juwelieramschloss.de\/fashion\/wp-content\/uploads\/sites\/5\/2026\/02\/palido-ohrstecker-25417782-300x300.png\" class=\"attachment-medium size-medium wp-post-image\" alt=\"Palido Ohrstecker bei Juwelier am Schloss in Schwetzingen Baden-W\u00fcrttemberg\" decoding=\"async\" loading=\"lazy\" srcset=\"https:\/\/juwelieramschloss.de\/fashion\/wp-content\/uploads\/sites\/5\/2026\/02\/palido-ohrstecker-25417782-300x300.png 300w, https:\/\/juwelieramschloss.de\/fashion\/wp-content\/uploads\/sites\/5\/2026\/02\/palido-ohrstecker-25417782-150x150.png 150w, https:\/\/juwelieramschloss.de\/fashion\/wp-content\/uploads\/sites\/5\/2026\/02\/palido-ohrstecker-25417782-768x768.png 768w, https:\/\/juwelieramschloss.de\/fashion\/wp-content\/uploads\/sites\/5\/2026\/02\/palido-ohrstecker-25417782-600x600.png 600w, https:\/\/juwelieramschloss.de\/fashion\/wp-content\/uploads\/sites\/5\/2026\/02\/palido-ohrstecker-25417782-100x100.png 100w, https:\/\/juwelieramschloss.de\/fashion\/wp-content\/uploads\/sites\/5\/2026\/02\/palido-ohrstecker-25417782-80x80.png 80w, https:\/\/juwelieramschloss.de\/fashion\/wp-content\/uploads\/sites\/5\/2026\/02\/palido-ohrstecker-25417782-301x301.png 301w, https:\/\/juwelieramschloss.de\/fashion\/wp-content\/uploads\/sites\/5\/2026\/02\/palido-ohrstecker-25417782-500x500.png 500w, https:\/\/juwelieramschloss.de\/fashion\/wp-content\/uploads\/sites\/5\/2026\/02\/palido-ohrstecker-25417782.png 1000w\" sizes=\"(max-width: 300px) 100vw, 300px\" \/><\/div><div class=\"zeile-1\">Palido<\/div><div class=\"zeile-2\">Ohrstecker<\/div><\/a><\/article>\n\t\t\n<article><a href=\"https:\/\/juwelieramschloss.de\/fashion\/produkt\/palido-7\/\"><div class=\"thumbnail-wrapper\"><img width=\"300\" height=\"300\" src=\"https:\/\/juwelieramschloss.de\/fashion\/wp-content\/uploads\/sites\/5\/2026\/02\/palido-ring-25417779-300x300.png\" class=\"attachment-medium size-medium wp-post-image\" alt=\"Palido Ring bei Juwelier am Schloss in Schwetzingen Baden-W\u00fcrttemberg\" decoding=\"async\" loading=\"lazy\" srcset=\"https:\/\/juwelieramschloss.de\/fashion\/wp-content\/uploads\/sites\/5\/2026\/02\/palido-ring-25417779-300x300.png 300w, https:\/\/juwelieramschloss.de\/fashion\/wp-content\/uploads\/sites\/5\/2026\/02\/palido-ring-25417779-150x150.png 150w, https:\/\/juwelieramschloss.de\/fashion\/wp-content\/uploads\/sites\/5\/2026\/02\/palido-ring-25417779-768x768.png 768w, https:\/\/juwelieramschloss.de\/fashion\/wp-content\/uploads\/sites\/5\/2026\/02\/palido-ring-25417779-600x600.png 600w, https:\/\/juwelieramschloss.de\/fashion\/wp-content\/uploads\/sites\/5\/2026\/02\/palido-ring-25417779-100x100.png 100w, https:\/\/juwelieramschloss.de\/fashion\/wp-content\/uploads\/sites\/5\/2026\/02\/palido-ring-25417779-80x80.png 80w, https:\/\/juwelieramschloss.de\/fashion\/wp-content\/uploads\/sites\/5\/2026\/02\/palido-ring-25417779-301x301.png 301w, https:\/\/juwelieramschloss.de\/fashion\/wp-content\/uploads\/sites\/5\/2026\/02\/palido-ring-25417779-500x500.png 500w, https:\/\/juwelieramschloss.de\/fashion\/wp-content\/uploads\/sites\/5\/2026\/02\/palido-ring-25417779.png 1000w\" sizes=\"(max-width: 300px) 100vw, 300px\" \/><\/div><div class=\"zeile-1\">Palido<\/div><div class=\"zeile-2\">Ring<\/div><\/a><\/article>\n\t\t\n<article><a href=\"https:\/\/juwelieramschloss.de\/fashion\/produkt\/palido-8\/\"><div class=\"thumbnail-wrapper\"><img width=\"300\" height=\"300\" src=\"https:\/\/juwelieramschloss.de\/fashion\/wp-content\/uploads\/sites\/5\/2026\/02\/palido-halskette-mit-anhnger-25417776-300x300.png\" class=\"attachment-medium size-medium wp-post-image\" alt=\"Palido Halskette mit Anh\u00e4nger bei Juwelier am Schloss in Schwetzingen Baden-W\u00fcrttemberg\" decoding=\"async\" loading=\"lazy\" srcset=\"https:\/\/juwelieramschloss.de\/fashion\/wp-content\/uploads\/sites\/5\/2026\/02\/palido-halskette-mit-anhnger-25417776-300x300.png 300w, https:\/\/juwelieramschloss.de\/fashion\/wp-content\/uploads\/sites\/5\/2026\/02\/palido-halskette-mit-anhnger-25417776-150x150.png 150w, https:\/\/juwelieramschloss.de\/fashion\/wp-content\/uploads\/sites\/5\/2026\/02\/palido-halskette-mit-anhnger-25417776-768x768.png 768w, https:\/\/juwelieramschloss.de\/fashion\/wp-content\/uploads\/sites\/5\/2026\/02\/palido-halskette-mit-anhnger-25417776-600x600.png 600w, https:\/\/juwelieramschloss.de\/fashion\/wp-content\/uploads\/sites\/5\/2026\/02\/palido-halskette-mit-anhnger-25417776-100x100.png 100w, https:\/\/juwelieramschloss.de\/fashion\/wp-content\/uploads\/sites\/5\/2026\/02\/palido-halskette-mit-anhnger-25417776-80x80.png 80w, https:\/\/juwelieramschloss.de\/fashion\/wp-content\/uploads\/sites\/5\/2026\/02\/palido-halskette-mit-anhnger-25417776-301x301.png 301w, https:\/\/juwelieramschloss.de\/fashion\/wp-content\/uploads\/sites\/5\/2026\/02\/palido-halskette-mit-anhnger-25417776-500x500.png 500w, https:\/\/juwelieramschloss.de\/fashion\/wp-content\/uploads\/sites\/5\/2026\/02\/palido-halskette-mit-anhnger-25417776.png 1000w\" sizes=\"(max-width: 300px) 100vw, 300px\" \/><\/div><div class=\"zeile-1\">Palido<\/div><div class=\"zeile-2\">Halskette mit Anh\u00e4nger<\/div><\/a><\/article>\n\t\t\n<article><a href=\"https:\/\/juwelieramschloss.de\/fashion\/produkt\/palido-9\/\"><div class=\"thumbnail-wrapper\"><img width=\"300\" height=\"300\" src=\"https:\/\/juwelieramschloss.de\/fashion\/wp-content\/uploads\/sites\/5\/2026\/02\/palido-ohrstecker-25417773-300x300.png\" class=\"attachment-medium size-medium wp-post-image\" alt=\"Palido Ohrstecker bei Juwelier am Schloss in Schwetzingen Baden-W\u00fcrttemberg\" decoding=\"async\" loading=\"lazy\" srcset=\"https:\/\/juwelieramschloss.de\/fashion\/wp-content\/uploads\/sites\/5\/2026\/02\/palido-ohrstecker-25417773-300x300.png 300w, https:\/\/juwelieramschloss.de\/fashion\/wp-content\/uploads\/sites\/5\/2026\/02\/palido-ohrstecker-25417773-150x150.png 150w, https:\/\/juwelieramschloss.de\/fashion\/wp-content\/uploads\/sites\/5\/2026\/02\/palido-ohrstecker-25417773-768x768.png 768w, https:\/\/juwelieramschloss.de\/fashion\/wp-content\/uploads\/sites\/5\/2026\/02\/palido-ohrstecker-25417773-600x600.png 600w, https:\/\/juwelieramschloss.de\/fashion\/wp-content\/uploads\/sites\/5\/2026\/02\/palido-ohrstecker-25417773-100x100.png 100w, https:\/\/juwelieramschloss.de\/fashion\/wp-content\/uploads\/sites\/5\/2026\/02\/palido-ohrstecker-25417773-80x80.png 80w, https:\/\/juwelieramschloss.de\/fashion\/wp-content\/uploads\/sites\/5\/2026\/02\/palido-ohrstecker-25417773-301x301.png 301w, https:\/\/juwelieramschloss.de\/fashion\/wp-content\/uploads\/sites\/5\/2026\/02\/palido-ohrstecker-25417773-500x500.png 500w, https:\/\/juwelieramschloss.de\/fashion\/wp-content\/uploads\/sites\/5\/2026\/02\/palido-ohrstecker-25417773.png 1000w\" sizes=\"(max-width: 300px) 100vw, 300px\" \/><\/div><div class=\"zeile-1\">Palido<\/div><div class=\"zeile-2\">Ohrstecker<\/div><\/a><\/article>\n\t\t\n<article><a href=\"https:\/\/juwelieramschloss.de\/fashion\/produkt\/palido-10\/\"><div class=\"thumbnail-wrapper\"><img width=\"300\" height=\"300\" src=\"https:\/\/juwelieramschloss.de\/fashion\/wp-content\/uploads\/sites\/5\/2026\/02\/palido-halskette-mit-anhnger-25417770-300x300.png\" class=\"attachment-medium size-medium wp-post-image\" alt=\"Palido Halskette mit Anh\u00e4nger bei Juwelier am Schloss in Schwetzingen Baden-W\u00fcrttemberg\" decoding=\"async\" loading=\"lazy\" srcset=\"https:\/\/juwelieramschloss.de\/fashion\/wp-content\/uploads\/sites\/5\/2026\/02\/palido-halskette-mit-anhnger-25417770-300x300.png 300w, https:\/\/juwelieramschloss.de\/fashion\/wp-content\/uploads\/sites\/5\/2026\/02\/palido-halskette-mit-anhnger-25417770-150x150.png 150w, https:\/\/juwelieramschloss.de\/fashion\/wp-content\/uploads\/sites\/5\/2026\/02\/palido-halskette-mit-anhnger-25417770-768x768.png 768w, https:\/\/juwelieramschloss.de\/fashion\/wp-content\/uploads\/sites\/5\/2026\/02\/palido-halskette-mit-anhnger-25417770-600x600.png 600w, https:\/\/juwelieramschloss.de\/fashion\/wp-content\/uploads\/sites\/5\/2026\/02\/palido-halskette-mit-anhnger-25417770-100x100.png 100w, https:\/\/juwelieramschloss.de\/fashion\/wp-content\/uploads\/sites\/5\/2026\/02\/palido-halskette-mit-anhnger-25417770-80x80.png 80w, https:\/\/juwelieramschloss.de\/fashion\/wp-content\/uploads\/sites\/5\/2026\/02\/palido-halskette-mit-anhnger-25417770-301x301.png 301w, https:\/\/juwelieramschloss.de\/fashion\/wp-content\/uploads\/sites\/5\/2026\/02\/palido-halskette-mit-anhnger-25417770-500x500.png 500w, https:\/\/juwelieramschloss.de\/fashion\/wp-content\/uploads\/sites\/5\/2026\/02\/palido-halskette-mit-anhnger-25417770.png 1000w\" sizes=\"(max-width: 300px) 100vw, 300px\" \/><\/div><div class=\"zeile-1\">Palido<\/div><div class=\"zeile-2\">Halskette mit Anh\u00e4nger<\/div><\/a><\/article>\n\t\t\n<article><a href=\"https:\/\/juwelieramschloss.de\/fashion\/produkt\/palido-11\/\"><div class=\"thumbnail-wrapper\"><img width=\"300\" height=\"300\" src=\"https:\/\/juwelieramschloss.de\/fashion\/wp-content\/uploads\/sites\/5\/2026\/02\/palido-ohrstecker-25417767-300x300.png\" class=\"attachment-medium size-medium wp-post-image\" alt=\"Palido Ohrstecker bei Juwelier am Schloss in Schwetzingen Baden-W\u00fcrttemberg\" decoding=\"async\" loading=\"lazy\" srcset=\"https:\/\/juwelieramschloss.de\/fashion\/wp-content\/uploads\/sites\/5\/2026\/02\/palido-ohrstecker-25417767-300x300.png 300w, https:\/\/juwelieramschloss.de\/fashion\/wp-content\/uploads\/sites\/5\/2026\/02\/palido-ohrstecker-25417767-150x150.png 150w, https:\/\/juwelieramschloss.de\/fashion\/wp-content\/uploads\/sites\/5\/2026\/02\/palido-ohrstecker-25417767-768x768.png 768w, https:\/\/juwelieramschloss.de\/fashion\/wp-content\/uploads\/sites\/5\/2026\/02\/palido-ohrstecker-25417767-600x600.png 600w, https:\/\/juwelieramschloss.de\/fashion\/wp-content\/uploads\/sites\/5\/2026\/02\/palido-ohrstecker-25417767-100x100.png 100w, https:\/\/juwelieramschloss.de\/fashion\/wp-content\/uploads\/sites\/5\/2026\/02\/palido-ohrstecker-25417767-80x80.png 80w, https:\/\/juwelieramschloss.de\/fashion\/wp-content\/uploads\/sites\/5\/2026\/02\/palido-ohrstecker-25417767-301x301.png 301w, https:\/\/juwelieramschloss.de\/fashion\/wp-content\/uploads\/sites\/5\/2026\/02\/palido-ohrstecker-25417767-500x500.png 500w, https:\/\/juwelieramschloss.de\/fashion\/wp-content\/uploads\/sites\/5\/2026\/02\/palido-ohrstecker-25417767.png 1000w\" sizes=\"(max-width: 300px) 100vw, 300px\" \/><\/div><div class=\"zeile-1\">Palido<\/div><div class=\"zeile-2\">Ohrstecker<\/div><\/a><\/article>\n\t\t\n<article><a href=\"https:\/\/juwelieramschloss.de\/fashion\/produkt\/palido-12\/\"><div class=\"thumbnail-wrapper\"><img width=\"300\" height=\"300\" src=\"https:\/\/juwelieramschloss.de\/fashion\/wp-content\/uploads\/sites\/5\/2026\/02\/palido-ring-25417764-300x300.png\" class=\"attachment-medium size-medium wp-post-image\" alt=\"Palido Ring bei Juwelier am Schloss in Schwetzingen Baden-W\u00fcrttemberg\" decoding=\"async\" loading=\"lazy\" srcset=\"https:\/\/juwelieramschloss.de\/fashion\/wp-content\/uploads\/sites\/5\/2026\/02\/palido-ring-25417764-300x300.png 300w, https:\/\/juwelieramschloss.de\/fashion\/wp-content\/uploads\/sites\/5\/2026\/02\/palido-ring-25417764-150x150.png 150w, https:\/\/juwelieramschloss.de\/fashion\/wp-content\/uploads\/sites\/5\/2026\/02\/palido-ring-25417764-768x768.png 768w, https:\/\/juwelieramschloss.de\/fashion\/wp-content\/uploads\/sites\/5\/2026\/02\/palido-ring-25417764-600x600.png 600w, https:\/\/juwelieramschloss.de\/fashion\/wp-content\/uploads\/sites\/5\/2026\/02\/palido-ring-25417764-100x100.png 100w, https:\/\/juwelieramschloss.de\/fashion\/wp-content\/uploads\/sites\/5\/2026\/02\/palido-ring-25417764-80x80.png 80w, https:\/\/juwelieramschloss.de\/fashion\/wp-content\/uploads\/sites\/5\/2026\/02\/palido-ring-25417764-301x301.png 301w, https:\/\/juwelieramschloss.de\/fashion\/wp-content\/uploads\/sites\/5\/2026\/02\/palido-ring-25417764-500x500.png 500w, https:\/\/juwelieramschloss.de\/fashion\/wp-content\/uploads\/sites\/5\/2026\/02\/palido-ring-25417764.png 1000w\" sizes=\"(max-width: 300px) 100vw, 300px\" \/><\/div><div class=\"zeile-1\">Palido<\/div><div class=\"zeile-2\">Ring<\/div><\/a><\/article>\n\t\t\n<\/div>\n\n\n<div class=\"products-pagination\">\n  <ul class=\"pagination\" style=\"display:inline-block\">\n\t<li class=\"page-item\"><\/li>\n    <ul class=\"wpv-pagination-nav-links-container js-wpv-pagination-nav-links-container pagination\"><li class=\"wpv-pagination-nav-links-item js-wpv-pagination-nav-links-item page-item wpv-page-link-2045-TCPID21933-1 js-wpv-page-link-2045-TCPID21933-1 wpv_page_current wpv-pagination-nav-links-item-current active\"><span class=\"wpv-filter-pagination-link page-link\">1<\/span><\/li><li class=\"wpv-pagination-nav-links-item js-wpv-pagination-nav-links-item page-item wpv-page-link-2045-TCPID21933-2 js-wpv-page-link-2045-TCPID21933-2\"><a class=\"wpv-filter-pagination-link js-wpv-pagination-link page-link\" title=\"2\" href=\"\/fashion\/wp-json\/wp\/v2\/pages\/21933?wpv_view_count=2045-TCPID21933&#038;wpv_paged=2\" data-viewnumber=\"2045-TCPID21933\" data-page=\"2\">2<\/a><\/li><li class=\"wpv-pagination-nav-links-item js-wpv-pagination-nav-links-item page-item wpv-page-link-2045-TCPID21933-3 js-wpv-page-link-2045-TCPID21933-3\"><a class=\"wpv-filter-pagination-link js-wpv-pagination-link page-link\" title=\"3\" href=\"\/fashion\/wp-json\/wp\/v2\/pages\/21933?wpv_view_count=2045-TCPID21933&#038;wpv_paged=3\" data-viewnumber=\"2045-TCPID21933\" data-page=\"3\">3<\/a><\/li><\/ul><span class=\"form-inline\">\n\t<li class=\"page-item\"><a class=\"wpv-filter-next-link js-wpv-pagination-next-link page-link \"  href=\"\/fashion\/wp-json\/wp\/v2\/pages\/21933?wpv_view_count=2045-TCPID21933&#038;wpv_paged=2\"\n\t\t\t\t\tdata-viewnumber=\"2045-TCPID21933\" data-page=\"2\">Weiter &gt;&gt;<\/a><\/li>\n  <\/ul>\n  \n\t\n<\/div>\n  \n  \n  \n  \n  \n  \n\n  \n  \n\n\n\t\n\t\t\n\t\n\t\n\n\t\n\n\t\n\n\t\n\n<\/div><\/div><\/div><\/div><\/div>\n\t\t\t\t<\/div>\n\t\t\t\t<\/div>\n\t\t\t\t\t\t<\/div>\n\t\t\t\t\t<\/div>\n\t\t<\/div>\n\t\t\t\t\t\t\t\t<\/div>\n\t\t\t\t\t<\/div>\n\t\t<\/section>\n\t\t\t\t<section class=\"has_ae_slider elementor-section elementor-top-section elementor-element elementor-element-79059e6f elementor-section-full_width elementor-section-height-min-height elementor-hidden-phone elementor-section-height-default elementor-section-items-middle ae-bg-gallery-type-default\" data-id=\"79059e6f\" data-element_type=\"section\">\n\t\t\t\t\t\t<div class=\"elementor-container elementor-column-gap-default\">\n\t\t\t\t\t\t\t<div class=\"elementor-row\">\n\t\t\t\t\t<div class=\"has_ae_slider elementor-column elementor-col-50 elementor-top-column elementor-element elementor-element-4951501d ae-bg-gallery-type-default\" data-id=\"4951501d\" data-element_type=\"column\">\n\t\t\t<div class=\"elementor-column-wrap\">\n\t\t\t\t\t\t\t<div class=\"elementor-widget-wrap\">\n\t\t\t\t\t\t\t\t<\/div>\n\t\t\t\t\t<\/div>\n\t\t<\/div>\n\t\t\t\t<div class=\"has_ae_slider elementor-column elementor-col-50 elementor-top-column elementor-element elementor-element-2858c580 ae-bg-gallery-type-default\" data-id=\"2858c580\" data-element_type=\"column\" data-settings=\"{&quot;background_background&quot;:&quot;classic&quot;}\">\n\t\t\t<div class=\"elementor-column-wrap elementor-element-populated\">\n\t\t\t\t\t\t\t<div class=\"elementor-widget-wrap\">\n\t\t\t\t\t\t<div class=\"elementor-element elementor-element-714875b0 elementor-widget elementor-widget-spacer\" data-id=\"714875b0\" data-element_type=\"widget\" data-widget_type=\"spacer.default\">\n\t\t\t\t<div class=\"elementor-widget-container\">\n\t\t\t\t\t<div class=\"elementor-spacer\">\n\t\t\t<div class=\"elementor-spacer-inner\"><\/div>\n\t\t<\/div>\n\t\t\t\t<\/div>\n\t\t\t\t<\/div>\n\t\t\t\t\t\t<\/div>\n\t\t\t\t\t<\/div>\n\t\t<\/div>\n\t\t\t\t\t\t\t\t<\/div>\n\t\t\t\t\t<\/div>\n\t\t<\/section>\n\t\t\t\t<section class=\"has_ae_slider elementor-section elementor-top-section elementor-element elementor-element-5c462c97 elementor-section-content-middle elementor-reverse-mobile elementor-section-boxed elementor-section-height-default elementor-section-height-default ae-bg-gallery-type-default\" data-id=\"5c462c97\" data-element_type=\"section\">\n\t\t\t\t\t\t<div class=\"elementor-container elementor-column-gap-default\">\n\t\t\t\t\t\t\t<div class=\"elementor-row\">\n\t\t\t\t\t<div class=\"has_ae_slider elementor-column elementor-col-50 elementor-top-column elementor-element elementor-element-362f4c48 ae-bg-gallery-type-default\" data-id=\"362f4c48\" data-element_type=\"column\" data-settings=\"{&quot;background_background&quot;:&quot;classic&quot;}\">\n\t\t\t<div class=\"elementor-column-wrap elementor-element-populated\">\n\t\t\t\t\t\t\t<div class=\"elementor-widget-wrap\">\n\t\t\t\t\t\t<div class=\"elementor-element elementor-element-47657ac9 elementor-widget elementor-widget-heading\" data-id=\"47657ac9\" data-element_type=\"widget\" data-widget_type=\"heading.default\">\n\t\t\t\t<div class=\"elementor-widget-container\">\n\t\t\t<h3 class=\"elementor-heading-title elementor-size-default\">Unser Schmucklexikon<\/h3>\t\t<\/div>\n\t\t\t\t<\/div>\n\t\t\t\t<div class=\"elementor-element elementor-element-440eb9f9 elementor-widget elementor-widget-heading\" data-id=\"440eb9f9\" data-element_type=\"widget\" data-widget_type=\"heading.default\">\n\t\t\t\t<div class=\"elementor-widget-container\">\n\t\t\t<h3 class=\"elementor-heading-title elementor-size-default\">Juwelier am Schloss Fashion<\/h3>\t\t<\/div>\n\t\t\t\t<\/div>\n\t\t\t\t<div class=\"elementor-element elementor-element-29489a30 elementor-widget-divider--view-line elementor-widget elementor-widget-divider\" data-id=\"29489a30\" data-element_type=\"widget\" data-widget_type=\"divider.default\">\n\t\t\t\t<div class=\"elementor-widget-container\">\n\t\t\t\t\t<div class=\"elementor-divider\">\n\t\t\t<span class=\"elementor-divider-separator\">\n\t\t\t\t\t\t<\/span>\n\t\t<\/div>\n\t\t\t\t<\/div>\n\t\t\t\t<\/div>\n\t\t\t\t<div class=\"elementor-element elementor-element-4b820a05 elementor-widget elementor-widget-text-editor\" data-id=\"4b820a05\" data-element_type=\"widget\" data-widget_type=\"text-editor.default\">\n\t\t\t\t<div class=\"elementor-widget-container\">\n\t\t\t\t\t\t\t\t<div class=\"elementor-text-editor elementor-clearfix\">\n\t\t\t\t<p>Die Welt des Schmucks ist ebenso faszinierend wie facettenreich. Kennen Sie den Unterschied zwischen Brillant und Diamant? Oder wissen Sie, wie sich die unterschiedlichen Goldlegierungen zusammensetzen? Exklusiv f\u00fcr alle Liebhaber von Diamanten, Edelsteinen und Schmuck haben wir unser fundiertes Wissen im Schmucklexikon zusammengetragen.<\/p>\t\t\t\t\t<\/div>\n\t\t\t\t\t\t<\/div>\n\t\t\t\t<\/div>\n\t\t\t\t<div class=\"elementor-element elementor-element-724b7448 elementor-widget elementor-widget-button\" data-id=\"724b7448\" data-element_type=\"widget\" data-widget_type=\"button.default\">\n\t\t\t\t<div class=\"elementor-widget-container\">\n\t\t\t\t\t<div class=\"elementor-button-wrapper\">\n\t\t\t<a class=\"elementor-button elementor-button-link elementor-size-sm\" href=\"\/fashion\/schmuck\/schmucklexikon\/\">\n\t\t\t\t\t\t<span class=\"elementor-button-content-wrapper\">\n\t\t\t\t\t\t<span class=\"elementor-button-text\">Jetzt entdecken<\/span>\n\t\t<\/span>\n\t\t\t\t\t<\/a>\n\t\t<\/div>\n\t\t\t\t<\/div>\n\t\t\t\t<\/div>\n\t\t\t\t\t\t<\/div>\n\t\t\t\t\t<\/div>\n\t\t<\/div>\n\t\t\t\t<div class=\"has_ae_slider elementor-column elementor-col-50 elementor-top-column elementor-element elementor-element-6e5648ed ae-bg-gallery-type-default\" data-id=\"6e5648ed\" data-element_type=\"column\">\n\t\t\t<div class=\"elementor-column-wrap elementor-element-populated\">\n\t\t\t\t\t\t\t<div class=\"elementor-widget-wrap\">\n\t\t\t\t\t\t<div class=\"elementor-element elementor-element-79ce16d8 elementor-widget elementor-widget-image\" data-id=\"79ce16d8\" data-element_type=\"widget\" data-widget_type=\"image.default\">\n\t\t\t\t<div class=\"elementor-widget-container\">\n\t\t\t\t\t\t\t\t<div class=\"elementor-image\">\n\t\t\t\t\t\t\t\t\t\t\t\t<img decoding=\"async\" width=\"800\" height=\"600\" src=\"https:\/\/juwelieramschloss.de\/fashion\/wp-content\/uploads\/sites\/5\/2018\/09\/Schmucklexikon-Fashion.jpg\" class=\"attachment-full size-full wp-image-2061\" alt=\"Schmucklexikon - Juwelier am Schloss Fashion in Schwetzingen\" loading=\"lazy\" srcset=\"https:\/\/juwelieramschloss.de\/fashion\/wp-content\/uploads\/sites\/5\/2018\/09\/Schmucklexikon-Fashion.jpg 800w, https:\/\/juwelieramschloss.de\/fashion\/wp-content\/uploads\/sites\/5\/2018\/09\/Schmucklexikon-Fashion-300x225.jpg 300w, https:\/\/juwelieramschloss.de\/fashion\/wp-content\/uploads\/sites\/5\/2018\/09\/Schmucklexikon-Fashion-768x576.jpg 768w, https:\/\/juwelieramschloss.de\/fashion\/wp-content\/uploads\/sites\/5\/2018\/09\/Schmucklexikon-Fashion-600x450.jpg 600w, https:\/\/juwelieramschloss.de\/fashion\/wp-content\/uploads\/sites\/5\/2018\/09\/Schmucklexikon-Fashion-107x80.jpg 107w, https:\/\/juwelieramschloss.de\/fashion\/wp-content\/uploads\/sites\/5\/2018\/09\/Schmucklexikon-Fashion-301x226.jpg 301w, https:\/\/juwelieramschloss.de\/fashion\/wp-content\/uploads\/sites\/5\/2018\/09\/Schmucklexikon-Fashion-500x375.jpg 500w\" sizes=\"(max-width: 800px) 100vw, 800px\" \/>\t\t\t\t\t\t\t\t\t\t\t\t\t\t<\/div>\n\t\t\t\t\t\t<\/div>\n\t\t\t\t<\/div>\n\t\t\t\t\t\t<\/div>\n\t\t\t\t\t<\/div>\n\t\t<\/div>\n\t\t\t\t\t\t\t\t<\/div>\n\t\t\t\t\t<\/div>\n\t\t<\/section>\n\t\t\t\t\t\t\t\t\t<\/div>\n\t\t\t<\/div>\n\t\t\t\t\t<\/div>\n\t\t","protected":false},"excerpt":{"rendered":"<p>Palido Schmuck bei Juwelier am Schloss Fashion in Schwetzingen Palido steht f\u00fcr hochwertigen Schmuck &#8222;Made in Austria&#8220;, der Eleganz, Qualit\u00e4t und zeitloses Design vereint. Die Marke kombiniert traditionelles Handwerk mit modernen Trends und verwendet ausschlie\u00dflich edle Materialien wie 14- und 18-kar\u00e4tiges Gold, Diamanten und Farbsteine. Ob Verlobungsringe, Ketten oder Ohrschmuck \u2013 Palido bietet exklusive St\u00fccke &hellip;<\/p>\n<p class=\"read-more\"> <a class=\"\" href=\"https:\/\/juwelieramschloss.de\/fashion\/schmuck\/palido\/\"> <span class=\"screen-reader-text\">Palido<\/span> Weiterlesen &raquo;<\/a><\/p>\n","protected":false},"author":7,"featured_media":0,"parent":242,"menu_order":0,"comment_status":"closed","ping_status":"closed","template":"","meta":{"site-sidebar-layout":"no-sidebar","site-content-layout":"page-builder","ast-global-header-display":"","ast-banner-title-visibility":"","ast-main-header-display":"","ast-hfb-above-header-display":"","ast-hfb-below-header-display":"","ast-hfb-mobile-header-display":"","site-post-title":"disabled","ast-breadcrumbs-content":"","ast-featured-img":"disabled","footer-sml-layout":"","theme-transparent-header-meta":"","adv-header-id-meta":"","stick-header-meta":"","header-above-stick-meta":"","header-main-stick-meta":"","header-below-stick-meta":""},"product_cat":[351],"acf":[],"yoast_head":"<!-- This site is optimized with the Yoast SEO plugin v20.9 - https:\/\/yoast.com\/wordpress\/plugins\/seo\/ -->\n<title>Palido - Juwelier Am Schloss Fashion<\/title>\n<meta name=\"robots\" content=\"index, follow, max-snippet:-1, max-image-preview:large, max-video-preview:-1\" \/>\n<link rel=\"canonical\" href=\"https:\/\/juwelieramschloss.de\/fashion\/schmuck\/palido\/\" \/>\n<meta property=\"og:locale\" content=\"de_DE\" \/>\n<meta property=\"og:type\" content=\"article\" \/>\n<meta property=\"og:title\" content=\"Palido - Juwelier Am Schloss Fashion\" \/>\n<meta property=\"og:description\" content=\"Palido Schmuck bei Juwelier am Schloss Fashion in Schwetzingen Palido steht f\u00fcr hochwertigen Schmuck &#8222;Made in Austria&#8220;, der Eleganz, Qualit\u00e4t und zeitloses Design vereint. Die Marke kombiniert traditionelles Handwerk mit modernen Trends und verwendet ausschlie\u00dflich edle Materialien wie 14- und 18-kar\u00e4tiges Gold, Diamanten und Farbsteine. Ob Verlobungsringe, Ketten oder Ohrschmuck \u2013 Palido bietet exklusive St\u00fccke &hellip; Palido Weiterlesen &raquo;\" \/>\n<meta property=\"og:url\" content=\"https:\/\/juwelieramschloss.de\/fashion\/schmuck\/palido\/\" \/>\n<meta property=\"og:site_name\" content=\"Juwelier Am Schloss Fashion\" \/>\n<meta property=\"article:modified_time\" content=\"2025-05-13T07:59:07+00:00\" \/>\n<meta property=\"og:image\" content=\"https:\/\/juwelieramschloss.de\/fashion\/wp-content\/uploads\/sites\/5\/2018\/09\/Schmucklexikon-Fashion.jpg\" \/>\n<meta name=\"twitter:card\" content=\"summary_large_image\" \/>\n<meta name=\"twitter:label1\" content=\"Gesch\u00e4tzte Lesezeit\" \/>\n\t<meta name=\"twitter:data1\" content=\"4\u00a0Minuten\" \/>\n<script type=\"application\/ld+json\" class=\"yoast-schema-graph\">{\"@context\":\"https:\/\/schema.org\",\"@graph\":[{\"@type\":\"WebPage\",\"@id\":\"https:\/\/juwelieramschloss.de\/fashion\/schmuck\/palido\/\",\"url\":\"https:\/\/juwelieramschloss.de\/fashion\/schmuck\/palido\/\",\"name\":\"Palido - Juwelier Am Schloss Fashion\",\"isPartOf\":{\"@id\":\"https:\/\/juwelieramschloss.de\/fashion\/#website\"},\"datePublished\":\"2025-05-13T06:59:53+00:00\",\"dateModified\":\"2025-05-13T07:59:07+00:00\",\"breadcrumb\":{\"@id\":\"https:\/\/juwelieramschloss.de\/fashion\/schmuck\/palido\/#breadcrumb\"},\"inLanguage\":\"de\",\"potentialAction\":[{\"@type\":\"ReadAction\",\"target\":[\"https:\/\/juwelieramschloss.de\/fashion\/schmuck\/palido\/\"]}]},{\"@type\":\"BreadcrumbList\",\"@id\":\"https:\/\/juwelieramschloss.de\/fashion\/schmuck\/palido\/#breadcrumb\",\"itemListElement\":[{\"@type\":\"ListItem\",\"position\":1,\"name\":\"Startseite\",\"item\":\"https:\/\/juwelieramschloss.de\/fashion\/\"},{\"@type\":\"ListItem\",\"position\":2,\"name\":\"Schmuck\",\"item\":\"https:\/\/juwelieramschloss.de\/fashion\/schmuck\/\"},{\"@type\":\"ListItem\",\"position\":3,\"name\":\"Palido\"}]},{\"@type\":\"WebSite\",\"@id\":\"https:\/\/juwelieramschloss.de\/fashion\/#website\",\"url\":\"https:\/\/juwelieramschloss.de\/fashion\/\",\"name\":\"Juwelier Am Schloss Fashion\",\"description\":\"\",\"publisher\":{\"@id\":\"https:\/\/juwelieramschloss.de\/fashion\/#organization\"},\"potentialAction\":[{\"@type\":\"SearchAction\",\"target\":{\"@type\":\"EntryPoint\",\"urlTemplate\":\"https:\/\/juwelieramschloss.de\/fashion\/?s={search_term_string}\"},\"query-input\":\"required name=search_term_string\"}],\"inLanguage\":\"de\"},{\"@type\":\"Organization\",\"@id\":\"https:\/\/juwelieramschloss.de\/fashion\/#organization\",\"name\":\"Juwelier Am Schloss Fashion\",\"url\":\"https:\/\/juwelieramschloss.de\/fashion\/\",\"logo\":{\"@type\":\"ImageObject\",\"inLanguage\":\"de\",\"@id\":\"https:\/\/juwelieramschloss.de\/fashion\/#\/schema\/logo\/image\/\",\"url\":\"https:\/\/juwelieramschloss.de\/fashion\/wp-content\/uploads\/sites\/5\/2018\/09\/cropped-Am-Schloss-Fashion-Logo-1.png\",\"contentUrl\":\"https:\/\/juwelieramschloss.de\/fashion\/wp-content\/uploads\/sites\/5\/2018\/09\/cropped-Am-Schloss-Fashion-Logo-1.png\",\"width\":487,\"height\":133,\"caption\":\"Juwelier Am Schloss Fashion\"},\"image\":{\"@id\":\"https:\/\/juwelieramschloss.de\/fashion\/#\/schema\/logo\/image\/\"}}]}<\/script>\n<!-- \/ Yoast SEO plugin. -->","yoast_head_json":{"title":"Palido - Juwelier Am Schloss Fashion","robots":{"index":"index","follow":"follow","max-snippet":"max-snippet:-1","max-image-preview":"max-image-preview:large","max-video-preview":"max-video-preview:-1"},"canonical":"https:\/\/juwelieramschloss.de\/fashion\/schmuck\/palido\/","og_locale":"de_DE","og_type":"article","og_title":"Palido - Juwelier Am Schloss Fashion","og_description":"Palido Schmuck bei Juwelier am Schloss Fashion in Schwetzingen Palido steht f\u00fcr hochwertigen Schmuck &#8222;Made in Austria&#8220;, der Eleganz, Qualit\u00e4t und zeitloses Design vereint. Die Marke kombiniert traditionelles Handwerk mit modernen Trends und verwendet ausschlie\u00dflich edle Materialien wie 14- und 18-kar\u00e4tiges Gold, Diamanten und Farbsteine. Ob Verlobungsringe, Ketten oder Ohrschmuck \u2013 Palido bietet exklusive St\u00fccke &hellip; Palido Weiterlesen &raquo;","og_url":"https:\/\/juwelieramschloss.de\/fashion\/schmuck\/palido\/","og_site_name":"Juwelier Am Schloss Fashion","article_modified_time":"2025-05-13T07:59:07+00:00","og_image":[{"url":"https:\/\/juwelieramschloss.de\/fashion\/wp-content\/uploads\/sites\/5\/2018\/09\/Schmucklexikon-Fashion.jpg"}],"twitter_card":"summary_large_image","twitter_misc":{"Gesch\u00e4tzte Lesezeit":"4\u00a0Minuten"},"schema":{"@context":"https:\/\/schema.org","@graph":[{"@type":"WebPage","@id":"https:\/\/juwelieramschloss.de\/fashion\/schmuck\/palido\/","url":"https:\/\/juwelieramschloss.de\/fashion\/schmuck\/palido\/","name":"Palido - Juwelier Am Schloss Fashion","isPartOf":{"@id":"https:\/\/juwelieramschloss.de\/fashion\/#website"},"datePublished":"2025-05-13T06:59:53+00:00","dateModified":"2025-05-13T07:59:07+00:00","breadcrumb":{"@id":"https:\/\/juwelieramschloss.de\/fashion\/schmuck\/palido\/#breadcrumb"},"inLanguage":"de","potentialAction":[{"@type":"ReadAction","target":["https:\/\/juwelieramschloss.de\/fashion\/schmuck\/palido\/"]}]},{"@type":"BreadcrumbList","@id":"https:\/\/juwelieramschloss.de\/fashion\/schmuck\/palido\/#breadcrumb","itemListElement":[{"@type":"ListItem","position":1,"name":"Startseite","item":"https:\/\/juwelieramschloss.de\/fashion\/"},{"@type":"ListItem","position":2,"name":"Schmuck","item":"https:\/\/juwelieramschloss.de\/fashion\/schmuck\/"},{"@type":"ListItem","position":3,"name":"Palido"}]},{"@type":"WebSite","@id":"https:\/\/juwelieramschloss.de\/fashion\/#website","url":"https:\/\/juwelieramschloss.de\/fashion\/","name":"Juwelier Am Schloss Fashion","description":"","publisher":{"@id":"https:\/\/juwelieramschloss.de\/fashion\/#organization"},"potentialAction":[{"@type":"SearchAction","target":{"@type":"EntryPoint","urlTemplate":"https:\/\/juwelieramschloss.de\/fashion\/?s={search_term_string}"},"query-input":"required name=search_term_string"}],"inLanguage":"de"},{"@type":"Organization","@id":"https:\/\/juwelieramschloss.de\/fashion\/#organization","name":"Juwelier Am Schloss Fashion","url":"https:\/\/juwelieramschloss.de\/fashion\/","logo":{"@type":"ImageObject","inLanguage":"de","@id":"https:\/\/juwelieramschloss.de\/fashion\/#\/schema\/logo\/image\/","url":"https:\/\/juwelieramschloss.de\/fashion\/wp-content\/uploads\/sites\/5\/2018\/09\/cropped-Am-Schloss-Fashion-Logo-1.png","contentUrl":"https:\/\/juwelieramschloss.de\/fashion\/wp-content\/uploads\/sites\/5\/2018\/09\/cropped-Am-Schloss-Fashion-Logo-1.png","width":487,"height":133,"caption":"Juwelier Am Schloss Fashion"},"image":{"@id":"https:\/\/juwelieramschloss.de\/fashion\/#\/schema\/logo\/image\/"}}]}},"_links":{"self":[{"href":"https:\/\/juwelieramschloss.de\/fashion\/wp-json\/wp\/v2\/pages\/21933"}],"collection":[{"href":"https:\/\/juwelieramschloss.de\/fashion\/wp-json\/wp\/v2\/pages"}],"about":[{"href":"https:\/\/juwelieramschloss.de\/fashion\/wp-json\/wp\/v2\/types\/page"}],"author":[{"embeddable":true,"href":"https:\/\/juwelieramschloss.de\/fashion\/wp-json\/wp\/v2\/users\/7"}],"replies":[{"embeddable":true,"href":"https:\/\/juwelieramschloss.de\/fashion\/wp-json\/wp\/v2\/comments?post=21933"}],"version-history":[{"count":7,"href":"https:\/\/juwelieramschloss.de\/fashion\/wp-json\/wp\/v2\/pages\/21933\/revisions"}],"predecessor-version":[{"id":21952,"href":"https:\/\/juwelieramschloss.de\/fashion\/wp-json\/wp\/v2\/pages\/21933\/revisions\/21952"}],"up":[{"embeddable":true,"href":"https:\/\/juwelieramschloss.de\/fashion\/wp-json\/wp\/v2\/pages\/242"}],"wp:attachment":[{"href":"https:\/\/juwelieramschloss.de\/fashion\/wp-json\/wp\/v2\/media?parent=21933"}],"wp:term":[{"taxonomy":"product_cat","embeddable":true,"href":"https:\/\/juwelieramschloss.de\/fashion\/wp-json\/wp\/v2\/product_cat?post=21933"}],"curies":[{"name":"wp","href":"https:\/\/api.w.org\/{rel}","templated":true}]}}